{"id":58,"date":"2018-12-10T15:03:51","date_gmt":"2018-12-10T14:03:51","guid":{"rendered":"http:\/\/test100493.test-account.com\/wp\/?page_id=2"},"modified":"2021-12-06T21:53:42","modified_gmt":"2021-12-06T20:53:42","slug":"sicherungszug","status":"publish","type":"page","link":"https:\/\/www.reservisten-brandenburg.de\/sicherungszug\/","title":{"rendered":"Sicherungszug"},"content":{"rendered":"\n<p>Der Sicherungszug soll \u00fcber 40 Brandenburger Reservisten eine milit\u00e4rische Heimat bieten. Zus\u00e4tzlich k\u00f6nnen bei Interesse Funktionen mehrfach besetzt werden. Damit wird ber\u00fccksichtigt, dass Reservisten nicht jederzeit zur Verf\u00fcgung stehen k\u00f6nnen. Dies ist insbesondere beim Leitungs- und Schl\u00fcsselpersonal von Bedeutung. Die <a href=\"https:\/\/www.reservisten-brandenburg.de\/sicherungszug\/gliederung-des-sicherungszuges\/\">Gliederung des Sicherungszuges<\/a> setzt sich aus aus drei Sicherungsgruppen und einem Unterst\u00fctzungselement.<\/p>\n\n\n\n<p>Das <a href=\"https:\/\/www.sicherungszug.de\/\">Projektes \u2018Sicherungszug\u2019<\/a> bildet seit dem Jahr 2018 den Rahmen f\u00fcr die <a href=\"https:\/\/www.reservisten-brandenburg.de\/militaerische-ausbildung\/\">milit\u00e4rische Ausbildung<\/a> der Brandenburger Reservisten in der beorderungsunabh\u00e4ngigen Reservistenarbeit mit dem Landeskommando Brandenburg. Ziel ist es die Ausbildungsabschnitte aufeinander aufbauend zu gestalten, um so das Leistungsniveau, aber auch die Motivation der Reservisten, zu steigen. Begonnen wurde mit dem Training der milit\u00e4rischen Grundfertigkeiten und der T\u00e4tigkeit des Einzelsch\u00fctzen. So wird den unterschiedlichen Ausbildungsst\u00e4nden der Reservisten zielgerichtet begegnet. Darauf bauen die Gruppen- und sp\u00e4ter die Zugausbildung auf. <\/p>\n\n\n\n<blockquote class=\"wp-block-quote is-style-large is-layout-flow wp-block-quote-is-layout-flow\"><p>\u201eWer will, der kann!\u201c<\/p><cite>Marcel Glauer, Ausbilder<\/cite><\/blockquote>\n\n\n\n<p>So k\u00f6nnen wir auch herausforderndere Ausbildungsinhalte umsetzen und nicht nur die <a rel=\"noreferrer noopener\" href=\"https:\/\/de.wikipedia.org\/wiki\/Kampfkraft_(Milit%C3%A4r)\" target=\"_blank\">Kampfkraft<\/a> des ganzen Zuges, sondern auch die Motivation jedes Einzelnen verbessern. Dennoch ist es m\u00f6glich in jeder Phase der Ausbildung einzusteigen. Dann erfolgt ggf. die Einzellausbildung im Rahmen der anderen Ausbildungen durch <em>Learning-by Doing<\/em> und mit Untertst\u00fctzung der Kameraden, die schon l\u00e4nger dabei sind.<\/p>\n\n\n\n<h3 class=\"wp-block-heading\">Der Sicherungszug: Wer will, der kann!<\/h3>\n\n\n\n<p>Nach dem Motto <em>\u201eWer will, der kann!\u201c<\/em>, wird alles versucht, um alle motivierten Kameraden mitzunehmen. Wer nicht immer teilnehmen kann, kommt eben dazu wann es ihm m\u00f6glich ist. Er wird dann durch die erfahreneren Kameraden mit eingebunden. Wer noch <a href=\"https:\/\/www.reservisten-brandenburg.de\/militaerische-ausbildung\/individuelle-grundfertigkeiten\/\">individuelle<\/a> Ausbildungsdefizit hat, bekommt bei unseren Ausbildungen die Chance diese abzustellen. Fordernde Ausbildungen machen Fehler wahrscheinlicher, bieten aber auch die Chance einer hohen Lernkurve. Wer motiviert ist und will, bekommt im Sicherungszug die Unterst\u00fctzung von <a href=\"https:\/\/www.reservisten-brandenburg.de\/sicherungszug\/der-ausbilder\/\">Ausbildern<\/a> und <a href=\"https:\/\/www.reservisten-brandenburg.de\/members\/\">Kameraden<\/a>!<\/p>\n\n\n\n<figure class=\"wp-block-embed is-type-video is-provider-youtube wp-block-embed-youtube wp-embed-aspect-16-9 wp-has-aspect-ratio\"><div class=\"wp-block-embed__wrapper\">\n<iframe loading=\"lazy\" title=\"Schie\u00dfen mit Granatpistole\" width=\"600\" height=\"338\" src=\"https:\/\/www.youtube.com\/embed\/btpcG95VBnM?feature=oembed\" frameborder=\"0\" allow=\"accelerometer; autoplay; clipboard-write; encrypted-media; gyroscope; picture-in-picture; web-share\" referrerpolicy=\"strict-origin-when-cross-origin\" allowfullscreen><\/iframe>\n<\/div><figcaption>Reservisten schie\u00dfen mit der Granatpistole bei der Ausbildung im Sicherungszug.<\/figcaption><\/figure>\n\n\n\n<h3 class=\"wp-block-heading\">Regelm\u00e4\u00dfige Ausbildung im Sicherungszug<\/h3>\n\n\n\n<p>Im Regelfall finden im Rahmen der Ausbildung des Sicherungszuges  j\u00e4hrlich vier Ausbildung an einem Wochenende auf dem Truppen\u00fcbungsplatz statt. Dazu kommen ggf. weitere zus\u00e4tzliche Ausbildungsma\u00dfnahmen und die <a href=\"https:\/\/www.reservisten-brandenburg.de\/militaerische-ausbildung\/ausbildungsinhalte\/schiessen\/\">Schie\u00dfausbildungen<\/a> auf den Standortschie\u00dfanlagen oder dem \u00dcbungslatz. Alle zugeh\u00f6rigen Ausbildungsveranstaltungen findet Ihr <a href=\"https:\/\/www.reservisten-brandenburg.de\/events\/kategorie\/sicherungszug\/\">auf unserer Webseite bei den Veranstaltungen<\/a>. <\/p>\n\n\n\n<h2 class=\"wp-block-heading\">Kontakt<\/h2>\n\n\n","protected":false},"excerpt":{"rendered":"<p>Der Sicherungszug soll \u00fcber 40 Brandenburger Reservisten eine milit\u00e4rische Heimat bieten. Zus\u00e4tzlich k\u00f6nnen bei Interesse Funktionen mehrfach besetzt werden. Damit wird ber\u00fccksichtigt, dass Reservisten nicht jederzeit zur Verf\u00fcgung stehen k\u00f6nnen. [&hellip;]<\/p>\n","protected":false},"author":12,"featured_media":7584,"parent":0,"menu_order":1,"comment_status":"closed","ping_status":"closed","template":"","meta":{"footnotes":""},"class_list":["post-58","page","type-page","status-publish","has-post-thumbnail","hentry"],"yoast_head":"<!-- This site is optimized with the Yoast SEO plugin v27.5 - https:\/\/yoast.com\/product\/yoast-seo-wordpress\/ -->\n<title>Sicherungszug - Sicherungszug Brandenburg<\/title>\n<meta name=\"description\" content=\"Projekt zur Ausbildung von Reservisten im Einzel-, Gruppen- und Zugrahmen mit der Bef\u00e4higung, gemeinsam als Sicherungszug eingesetzt zu werden.\" \/>\n<meta name=\"robots\" content=\"index, follow, max-snippet:-1, max-image-preview:large, max-video-preview:-1\" \/>\n<link rel=\"canonical\" href=\"https:\/\/www.reservisten-brandenburg.de\/sicherungszug\/\" \/>\n<meta property=\"og:locale\" content=\"de_DE\" \/>\n<meta property=\"og:type\" content=\"article\" \/>\n<meta property=\"og:title\" content=\"Sicherungszug - Sicherungszug Brandenburg\" \/>\n<meta property=\"og:description\" content=\"Projekt zur Ausbildung von Reservisten im Einzel-, Gruppen- und Zugrahmen mit der Bef\u00e4higung, gemeinsam als Sicherungszug eingesetzt zu werden.\" \/>\n<meta property=\"og:url\" content=\"https:\/\/www.reservisten-brandenburg.de\/sicherungszug\/\" \/>\n<meta property=\"og:site_name\" content=\"Sicherungszug Brandenburg\" \/>\n<meta property=\"article:publisher\" content=\"https:\/\/www.facebook.com\/reservisten.brandenburg\/\" \/>\n<meta property=\"article:modified_time\" content=\"2021-12-06T20:53:42+00:00\" \/>\n<meta property=\"og:image\" content=\"http:\/\/www.reservisten-brandenburg.de\/sicherungszug\/wp-content\/uploads\/sites\/5\/2020\/03\/MG3-Trupp-Lafette.jpg\" \/>\n\t<meta property=\"og:image:width\" content=\"1600\" \/>\n\t<meta property=\"og:image:height\" content=\"900\" \/>\n\t<meta property=\"og:image:type\" content=\"image\/jpeg\" \/>\n<meta name=\"twitter:card\" content=\"summary_large_image\" \/>\n<meta name=\"twitter:site\" content=\"@ResBrandenburg\" \/>\n<meta name=\"twitter:label1\" content=\"Gesch\u00e4tzte Lesezeit\" \/>\n\t<meta name=\"twitter:data1\" content=\"2\u00a0Minuten\" \/>\n<script type=\"application\/ld+json\" class=\"yoast-schema-graph\">{\"@context\":\"https:\\\/\\\/schema.org\",\"@graph\":[{\"@type\":\"WebPage\",\"@id\":\"https:\\\/\\\/www.reservisten-brandenburg.de\\\/sicherungszug\\\/\",\"url\":\"https:\\\/\\\/www.reservisten-brandenburg.de\\\/sicherungszug\\\/\",\"name\":\"Sicherungszug - Sicherungszug Brandenburg\",\"isPartOf\":{\"@id\":\"https:\\\/\\\/www.reservisten-brandenburg.de\\\/sicherungszug\\\/#website\"},\"primaryImageOfPage\":{\"@id\":\"https:\\\/\\\/www.reservisten-brandenburg.de\\\/sicherungszug\\\/#primaryimage\"},\"image\":{\"@id\":\"https:\\\/\\\/www.reservisten-brandenburg.de\\\/sicherungszug\\\/#primaryimage\"},\"thumbnailUrl\":\"https:\\\/\\\/www.reservisten-brandenburg.de\\\/sicherungszug\\\/wp-content\\\/uploads\\\/sites\\\/5\\\/2020\\\/03\\\/MG3-Trupp-Lafette.jpg\",\"datePublished\":\"2018-12-10T14:03:51+00:00\",\"dateModified\":\"2021-12-06T20:53:42+00:00\",\"description\":\"Projekt zur Ausbildung von Reservisten im Einzel-, Gruppen- und Zugrahmen mit der Bef\u00e4higung, gemeinsam als Sicherungszug eingesetzt zu werden.\",\"breadcrumb\":{\"@id\":\"https:\\\/\\\/www.reservisten-brandenburg.de\\\/sicherungszug\\\/#breadcrumb\"},\"inLanguage\":\"de\",\"potentialAction\":[{\"@type\":\"ReadAction\",\"target\":[\"https:\\\/\\\/www.reservisten-brandenburg.de\\\/sicherungszug\\\/\"]}]},{\"@type\":\"ImageObject\",\"inLanguage\":\"de\",\"@id\":\"https:\\\/\\\/www.reservisten-brandenburg.de\\\/sicherungszug\\\/#primaryimage\",\"url\":\"https:\\\/\\\/www.reservisten-brandenburg.de\\\/sicherungszug\\\/wp-content\\\/uploads\\\/sites\\\/5\\\/2020\\\/03\\\/MG3-Trupp-Lafette.jpg\",\"contentUrl\":\"https:\\\/\\\/www.reservisten-brandenburg.de\\\/sicherungszug\\\/wp-content\\\/uploads\\\/sites\\\/5\\\/2020\\\/03\\\/MG3-Trupp-Lafette.jpg\",\"width\":1600,\"height\":900},{\"@type\":\"BreadcrumbList\",\"@id\":\"https:\\\/\\\/www.reservisten-brandenburg.de\\\/sicherungszug\\\/#breadcrumb\",\"itemListElement\":[{\"@type\":\"ListItem\",\"position\":1,\"name\":\"Startseite\",\"item\":\"https:\\\/\\\/www.reservisten-brandenburg.de\\\/sicherungszug\\\/\"},{\"@type\":\"ListItem\",\"position\":2,\"name\":\"Sicherungszug\"}]},{\"@type\":\"WebSite\",\"@id\":\"https:\\\/\\\/www.reservisten-brandenburg.de\\\/sicherungszug\\\/#website\",\"url\":\"https:\\\/\\\/www.reservisten-brandenburg.de\\\/sicherungszug\\\/\",\"name\":\"Sicherungszug Brandenburg\",\"description\":\"Eine weitere Reservistenverband Brandenburg - Websites Website\",\"publisher\":{\"@id\":\"https:\\\/\\\/www.reservisten-brandenburg.de\\\/sicherungszug\\\/#organization\"},\"potentialAction\":[{\"@type\":\"SearchAction\",\"target\":{\"@type\":\"EntryPoint\",\"urlTemplate\":\"https:\\\/\\\/www.reservisten-brandenburg.de\\\/sicherungszug\\\/?s={search_term_string}\"},\"query-input\":{\"@type\":\"PropertyValueSpecification\",\"valueRequired\":true,\"valueName\":\"search_term_string\"}}],\"inLanguage\":\"de\"},{\"@type\":\"Organization\",\"@id\":\"https:\\\/\\\/www.reservisten-brandenburg.de\\\/sicherungszug\\\/#organization\",\"name\":\"Reservistenverband Brandenburg\",\"url\":\"https:\\\/\\\/www.reservisten-brandenburg.de\\\/sicherungszug\\\/\",\"logo\":{\"@type\":\"ImageObject\",\"inLanguage\":\"de\",\"@id\":\"https:\\\/\\\/www.reservisten-brandenburg.de\\\/sicherungszug\\\/#\\\/schema\\\/logo\\\/image\\\/\",\"url\":\"\",\"contentUrl\":\"\",\"caption\":\"Reservistenverband Brandenburg\"},\"image\":{\"@id\":\"https:\\\/\\\/www.reservisten-brandenburg.de\\\/sicherungszug\\\/#\\\/schema\\\/logo\\\/image\\\/\"},\"sameAs\":[\"https:\\\/\\\/www.facebook.com\\\/reservisten.brandenburg\\\/\",\"https:\\\/\\\/x.com\\\/ResBrandenburg\",\"https:\\\/\\\/www.youtube.com\\\/channel\\\/UC30IySNYu79rnI6_89Sdf_A\",\"https:\\\/\\\/de.wikipedia.org\\\/wiki\\\/Verband_der_Reservisten_der_Deutschen_Bundeswehr\"]}]}<\/script>\n<!-- \/ Yoast SEO plugin. -->","yoast_head_json":{"title":"Sicherungszug - Sicherungszug Brandenburg","description":"Projekt zur Ausbildung von Reservisten im Einzel-, Gruppen- und Zugrahmen mit der Bef\u00e4higung, gemeinsam als Sicherungszug eingesetzt zu werden.","robots":{"index":"index","follow":"follow","max-snippet":"max-snippet:-1","max-image-preview":"max-image-preview:large","max-video-preview":"max-video-preview:-1"},"canonical":"https:\/\/www.reservisten-brandenburg.de\/sicherungszug\/","og_locale":"de_DE","og_type":"article","og_title":"Sicherungszug - Sicherungszug Brandenburg","og_description":"Projekt zur Ausbildung von Reservisten im Einzel-, Gruppen- und Zugrahmen mit der Bef\u00e4higung, gemeinsam als Sicherungszug eingesetzt zu werden.","og_url":"https:\/\/www.reservisten-brandenburg.de\/sicherungszug\/","og_site_name":"Sicherungszug Brandenburg","article_publisher":"https:\/\/www.facebook.com\/reservisten.brandenburg\/","article_modified_time":"2021-12-06T20:53:42+00:00","og_image":[{"width":1600,"height":900,"url":"http:\/\/www.reservisten-brandenburg.de\/sicherungszug\/wp-content\/uploads\/sites\/5\/2020\/03\/MG3-Trupp-Lafette.jpg","type":"image\/jpeg"}],"twitter_card":"summary_large_image","twitter_site":"@ResBrandenburg","twitter_misc":{"Gesch\u00e4tzte Lesezeit":"2\u00a0Minuten"},"schema":{"@context":"https:\/\/schema.org","@graph":[{"@type":"WebPage","@id":"https:\/\/www.reservisten-brandenburg.de\/sicherungszug\/","url":"https:\/\/www.reservisten-brandenburg.de\/sicherungszug\/","name":"Sicherungszug - Sicherungszug Brandenburg","isPartOf":{"@id":"https:\/\/www.reservisten-brandenburg.de\/sicherungszug\/#website"},"primaryImageOfPage":{"@id":"https:\/\/www.reservisten-brandenburg.de\/sicherungszug\/#primaryimage"},"image":{"@id":"https:\/\/www.reservisten-brandenburg.de\/sicherungszug\/#primaryimage"},"thumbnailUrl":"https:\/\/www.reservisten-brandenburg.de\/sicherungszug\/wp-content\/uploads\/sites\/5\/2020\/03\/MG3-Trupp-Lafette.jpg","datePublished":"2018-12-10T14:03:51+00:00","dateModified":"2021-12-06T20:53:42+00:00","description":"Projekt zur Ausbildung von Reservisten im Einzel-, Gruppen- und Zugrahmen mit der Bef\u00e4higung, gemeinsam als Sicherungszug eingesetzt zu werden.","breadcrumb":{"@id":"https:\/\/www.reservisten-brandenburg.de\/sicherungszug\/#breadcrumb"},"inLanguage":"de","potentialAction":[{"@type":"ReadAction","target":["https:\/\/www.reservisten-brandenburg.de\/sicherungszug\/"]}]},{"@type":"ImageObject","inLanguage":"de","@id":"https:\/\/www.reservisten-brandenburg.de\/sicherungszug\/#primaryimage","url":"https:\/\/www.reservisten-brandenburg.de\/sicherungszug\/wp-content\/uploads\/sites\/5\/2020\/03\/MG3-Trupp-Lafette.jpg","contentUrl":"https:\/\/www.reservisten-brandenburg.de\/sicherungszug\/wp-content\/uploads\/sites\/5\/2020\/03\/MG3-Trupp-Lafette.jpg","width":1600,"height":900},{"@type":"BreadcrumbList","@id":"https:\/\/www.reservisten-brandenburg.de\/sicherungszug\/#breadcrumb","itemListElement":[{"@type":"ListItem","position":1,"name":"Startseite","item":"https:\/\/www.reservisten-brandenburg.de\/sicherungszug\/"},{"@type":"ListItem","position":2,"name":"Sicherungszug"}]},{"@type":"WebSite","@id":"https:\/\/www.reservisten-brandenburg.de\/sicherungszug\/#website","url":"https:\/\/www.reservisten-brandenburg.de\/sicherungszug\/","name":"Sicherungszug Brandenburg","description":"Eine weitere Reservistenverband Brandenburg - Websites Website","publisher":{"@id":"https:\/\/www.reservisten-brandenburg.de\/sicherungszug\/#organization"},"potentialAction":[{"@type":"SearchAction","target":{"@type":"EntryPoint","urlTemplate":"https:\/\/www.reservisten-brandenburg.de\/sicherungszug\/?s={search_term_string}"},"query-input":{"@type":"PropertyValueSpecification","valueRequired":true,"valueName":"search_term_string"}}],"inLanguage":"de"},{"@type":"Organization","@id":"https:\/\/www.reservisten-brandenburg.de\/sicherungszug\/#organization","name":"Reservistenverband Brandenburg","url":"https:\/\/www.reservisten-brandenburg.de\/sicherungszug\/","logo":{"@type":"ImageObject","inLanguage":"de","@id":"https:\/\/www.reservisten-brandenburg.de\/sicherungszug\/#\/schema\/logo\/image\/","url":"","contentUrl":"","caption":"Reservistenverband Brandenburg"},"image":{"@id":"https:\/\/www.reservisten-brandenburg.de\/sicherungszug\/#\/schema\/logo\/image\/"},"sameAs":["https:\/\/www.facebook.com\/reservisten.brandenburg\/","https:\/\/x.com\/ResBrandenburg","https:\/\/www.youtube.com\/channel\/UC30IySNYu79rnI6_89Sdf_A","https:\/\/de.wikipedia.org\/wiki\/Verband_der_Reservisten_der_Deutschen_Bundeswehr"]}]}},"_links":{"self":[{"href":"https:\/\/www.reservisten-brandenburg.de\/sicherungszug\/wp-json\/wp\/v2\/pages\/58","targetHints":{"allow":["GET"]}}],"collection":[{"href":"https:\/\/www.reservisten-brandenburg.de\/sicherungszug\/wp-json\/wp\/v2\/pages"}],"about":[{"href":"https:\/\/www.reservisten-brandenburg.de\/sicherungszug\/wp-json\/wp\/v2\/types\/page"}],"author":[{"embeddable":true,"href":"https:\/\/www.reservisten-brandenburg.de\/sicherungszug\/wp-json\/wp\/v2\/users\/12"}],"replies":[{"embeddable":true,"href":"https:\/\/www.reservisten-brandenburg.de\/sicherungszug\/wp-json\/wp\/v2\/comments?post=58"}],"version-history":[{"count":0,"href":"https:\/\/www.reservisten-brandenburg.de\/sicherungszug\/wp-json\/wp\/v2\/pages\/58\/revisions"}],"wp:featuredmedia":[{"embeddable":true,"href":"https:\/\/www.reservisten-brandenburg.de\/sicherungszug\/wp-json\/wp\/v2\/media\/7584"}],"wp:attachment":[{"href":"https:\/\/www.reservisten-brandenburg.de\/sicherungszug\/wp-json\/wp\/v2\/media?parent=58"}],"curies":[{"name":"wp","href":"https:\/\/api.w.org\/{rel}","templated":true}]}}