{"id":56,"date":"2020-03-20T05:48:17","date_gmt":"2020-03-20T04:48:17","guid":{"rendered":"https:\/\/www.reservisten-brandenburg.de\/sicherheitspolitik\/?page_id=56"},"modified":"2025-08-20T14:26:23","modified_gmt":"2025-08-20T12:26:23","slug":"sicherheitspolitische-veranstaltungen","status":"publish","type":"page","link":"https:\/\/www.reservisten-brandenburg.de\/sicherheitspolitik\/sicherheitspolitische-veranstaltungen\/","title":{"rendered":"Sicherheitspolitik f\u00fcr Reservistenkameradschaften"},"content":{"rendered":"\n<p><a href=\"https:\/\/www.sicherheitspolitik.info\/\">Sicherheitspolitik<\/a> geh\u00f6rt zum festen Rahmen der Arbeit in den <a rel=\"noreferrer noopener\" aria-label=\" (\u00f6ffnet in neuem Tab)\" href=\"https:\/\/www.reservistenkameradschaften.de\/\" target=\"_blank\">Reservistenkameradschaften<\/a>. Jede Reservistenkameradschaft sollte sicherheitspolitische <a href=\"https:\/\/www.reservisten-brandenburg.de\/events\/kategorie\/sicherheitspolitik\/\" target=\"_blank\" rel=\"noreferrer noopener\" aria-label=\" (\u00f6ffnet in neuem Tab)\">Veranstaltungen<\/a> selbst\u00e4ndig durchf\u00fchren. Vom kurzen Vortrag \u00fcber gr\u00f6\u00dfere Veranstaltungen bis hin zu Exkursionen ist dabei vieles m\u00f6glich.<\/p>\n\n\n\n<p>Dabei erhalten die Reservistenkameradschaften Unterst\u00fctzung. Der Landesbeauftragte f\u00fcr Sicherheitspolitik ist hierf\u00fcr der erste Ansprechpartner. Er wird Vorschl\u00e4ge f\u00fcr sicherheitspolitische Veranstaltungen pr\u00fcfen und diese bestm\u00f6glich unterst\u00fctzen. Er hilft bei der Bereitstellung von Arbeitsmaterial und unterst\u00fctzt bei der Suche nach m\u00f6glichen Referenten. Dazu greift er auf ein gro\u00dfes <a rel=\"noreferrer noopener\" aria-label=\"Netzwerk (\u00f6ffnet in neuem Tab)\" href=\"https:\/\/www.reservistenverband.de\/sicherheitspolitik\" target=\"_blank\">Netzwerk<\/a> innerhalb und au\u00dferhalb des <a href=\"https:\/\/www.reservisten-brandenburg.de\/die-landesgruppe\/partner\/reservistenverband\/\" target=\"_blank\" rel=\"noreferrer noopener\" aria-label=\" (\u00f6ffnet in neuem Tab)\">Reservistenverbandes<\/a> zur\u00fcck.<\/p>\n\n\n\n<hr class=\"wp-block-separator has-css-opacity\"\/>\n\n\n\n<div class=\"wp-block-media-text alignwide is-stacked-on-mobile\" style=\"grid-template-columns:32% auto\"><figure class=\"wp-block-media-text__media\"><img loading=\"lazy\" decoding=\"async\" width=\"480\" height=\"300\" src=\"http:\/\/www.reservisten-brandenburg.de\/sicherheitspolitik\/wp-content\/uploads\/sites\/6\/2021\/10\/Vorstand_Platzhalter.jpg\" alt=\"\" class=\"wp-image-101 size-full\" srcset=\"https:\/\/www.reservisten-brandenburg.de\/sicherheitspolitik\/wp-content\/uploads\/sites\/6\/2021\/10\/Vorstand_Platzhalter.jpg 480w, https:\/\/www.reservisten-brandenburg.de\/sicherheitspolitik\/wp-content\/uploads\/sites\/6\/2021\/10\/Vorstand_Platzhalter-300x188.jpg 300w\" sizes=\"auto, (max-width: 480px) 100vw, 480px\" \/><\/figure><div class=\"wp-block-media-text__content\">\n<p class=\"has-medium-font-size\"><strong>Landesbeauftragter f\u00fcr Sicherheitspolitik<\/strong><\/p>\n\n\n\n<p><strong><strong>Dr. phil. Johannes M\u00fchle<\/strong><br><\/strong>Oberstabsgefreiter d.R.<br>E-Mail: <a href=\"&#109;&#x61;&#x69;l&#116;&#x6f;:&#115;&#x69;&#x63;&#104;&#x65;&#x72;h&#101;&#x69;t&#115;&#x70;&#x6f;&#108;&#x69;&#x74;i&#107;&#x40;r&#101;&#x73;&#x65;&#114;&#x76;&#x69;s&#116;&#x65;n&#45;&#x62;&#x72;&#97;&#x6e;&#x64;e&#110;&#x62;u&#114;&#x67;&#x2e;&#100;&#x65;\" rel=\"nofollow\">&#115;&#x69;c&#104;&#x65;&#114;&#x68;e&#105;&#x74;s&#x70;&#x6f;&#108;&#x69;t&#105;&#x6b;&#64;&#x72;&#x65;&#115;&#x65;r&#118;&#x69;&#115;&#x74;e&#110;&#x2d;b&#114;&#x61;&#110;&#x64;e&#110;&#x62;u&#x72;&#x67;&#46;&#x64;e<\/a><\/p>\n<\/div><\/div>\n","protected":false},"excerpt":{"rendered":"<p>Sicherheitspolitik geh\u00f6rt zum festen Rahmen der Arbeit in den Reservistenkameradschaften. Jede Reservistenkameradschaft sollte sicherheitspolitische Veranstaltungen selbst\u00e4ndig durchf\u00fchren. Vom kurzen Vortrag \u00fcber gr\u00f6\u00dfere Veranstaltungen bis hin zu Exkursionen ist dabei vieles [&hellip;]<\/p>\n","protected":false},"author":12,"featured_media":44,"parent":0,"menu_order":0,"comment_status":"closed","ping_status":"closed","template":"","meta":{"footnotes":""},"class_list":["post-56","page","type-page","status-publish","has-post-thumbnail","hentry"],"yoast_head":"<!-- This site is optimized with the Yoast SEO plugin v27.5 - https:\/\/yoast.com\/product\/yoast-seo-wordpress\/ -->\n<title>Sicherheitspolitik f\u00fcr Reservistenkameradschaften - Sicherheitspolitik in Brandenburg<\/title>\n<meta name=\"description\" content=\"Der Landesvorstand unterst\u00fctzt die Reservistenkameradschaften bei der Planung und Durchf\u00fchrung von sicherheitspolitische Veranstaltungen.\" \/>\n<meta name=\"robots\" content=\"index, follow, max-snippet:-1, max-image-preview:large, max-video-preview:-1\" \/>\n<link rel=\"canonical\" href=\"https:\/\/www.reservisten-brandenburg.de\/sicherheitspolitik\/sicherheitspolitische-veranstaltungen\/\" \/>\n<meta property=\"og:locale\" content=\"de_DE\" \/>\n<meta property=\"og:type\" content=\"article\" \/>\n<meta property=\"og:title\" content=\"Sicherheitspolitik f\u00fcr Reservistenkameradschaften - Sicherheitspolitik in Brandenburg\" \/>\n<meta property=\"og:description\" content=\"Der Landesvorstand unterst\u00fctzt die Reservistenkameradschaften bei der Planung und Durchf\u00fchrung von sicherheitspolitische Veranstaltungen.\" \/>\n<meta property=\"og:url\" content=\"https:\/\/www.reservisten-brandenburg.de\/sicherheitspolitik\/sicherheitspolitische-veranstaltungen\/\" \/>\n<meta property=\"og:site_name\" content=\"Sicherheitspolitik in Brandenburg\" \/>\n<meta property=\"article:publisher\" content=\"https:\/\/www.facebook.com\/reservisten.brandenburg\/\" \/>\n<meta property=\"article:modified_time\" content=\"2025-08-20T12:26:23+00:00\" \/>\n<meta property=\"og:image\" content=\"http:\/\/www.reservisten-brandenburg.de\/sicherheitspolitik\/wp-content\/uploads\/sites\/6\/2020\/03\/KAS_Europaarmee_1.jpg\" \/>\n\t<meta property=\"og:image:width\" content=\"1600\" \/>\n\t<meta property=\"og:image:height\" content=\"900\" \/>\n\t<meta property=\"og:image:type\" content=\"image\/jpeg\" \/>\n<meta name=\"twitter:card\" content=\"summary_large_image\" \/>\n<meta name=\"twitter:site\" content=\"@ResBrandenburg\" \/>\n<meta name=\"twitter:label1\" content=\"Gesch\u00e4tzte Lesezeit\" \/>\n\t<meta name=\"twitter:data1\" content=\"1\u00a0Minute\" \/>\n<script type=\"application\/ld+json\" class=\"yoast-schema-graph\">{\"@context\":\"https:\\\/\\\/schema.org\",\"@graph\":[{\"@type\":\"WebPage\",\"@id\":\"https:\\\/\\\/www.reservisten-brandenburg.de\\\/sicherheitspolitik\\\/sicherheitspolitische-veranstaltungen\\\/\",\"url\":\"https:\\\/\\\/www.reservisten-brandenburg.de\\\/sicherheitspolitik\\\/sicherheitspolitische-veranstaltungen\\\/\",\"name\":\"Sicherheitspolitik f\u00fcr Reservistenkameradschaften - Sicherheitspolitik in Brandenburg\",\"isPartOf\":{\"@id\":\"https:\\\/\\\/www.reservisten-brandenburg.de\\\/sicherheitspolitik\\\/#website\"},\"primaryImageOfPage\":{\"@id\":\"https:\\\/\\\/www.reservisten-brandenburg.de\\\/sicherheitspolitik\\\/sicherheitspolitische-veranstaltungen\\\/#primaryimage\"},\"image\":{\"@id\":\"https:\\\/\\\/www.reservisten-brandenburg.de\\\/sicherheitspolitik\\\/sicherheitspolitische-veranstaltungen\\\/#primaryimage\"},\"thumbnailUrl\":\"https:\\\/\\\/www.reservisten-brandenburg.de\\\/sicherheitspolitik\\\/wp-content\\\/uploads\\\/sites\\\/6\\\/2020\\\/03\\\/KAS_Europaarmee_1.jpg\",\"datePublished\":\"2020-03-20T04:48:17+00:00\",\"dateModified\":\"2025-08-20T12:26:23+00:00\",\"description\":\"Der Landesvorstand unterst\u00fctzt die Reservistenkameradschaften bei der Planung und Durchf\u00fchrung von sicherheitspolitische Veranstaltungen.\",\"breadcrumb\":{\"@id\":\"https:\\\/\\\/www.reservisten-brandenburg.de\\\/sicherheitspolitik\\\/sicherheitspolitische-veranstaltungen\\\/#breadcrumb\"},\"inLanguage\":\"de\",\"potentialAction\":[{\"@type\":\"ReadAction\",\"target\":[\"https:\\\/\\\/www.reservisten-brandenburg.de\\\/sicherheitspolitik\\\/sicherheitspolitische-veranstaltungen\\\/\"]}]},{\"@type\":\"ImageObject\",\"inLanguage\":\"de\",\"@id\":\"https:\\\/\\\/www.reservisten-brandenburg.de\\\/sicherheitspolitik\\\/sicherheitspolitische-veranstaltungen\\\/#primaryimage\",\"url\":\"https:\\\/\\\/www.reservisten-brandenburg.de\\\/sicherheitspolitik\\\/wp-content\\\/uploads\\\/sites\\\/6\\\/2020\\\/03\\\/KAS_Europaarmee_1.jpg\",\"contentUrl\":\"https:\\\/\\\/www.reservisten-brandenburg.de\\\/sicherheitspolitik\\\/wp-content\\\/uploads\\\/sites\\\/6\\\/2020\\\/03\\\/KAS_Europaarmee_1.jpg\",\"width\":1600,\"height\":900},{\"@type\":\"BreadcrumbList\",\"@id\":\"https:\\\/\\\/www.reservisten-brandenburg.de\\\/sicherheitspolitik\\\/sicherheitspolitische-veranstaltungen\\\/#breadcrumb\",\"itemListElement\":[{\"@type\":\"ListItem\",\"position\":1,\"name\":\"Startseite\",\"item\":\"https:\\\/\\\/www.reservisten-brandenburg.de\\\/sicherheitspolitik\\\/\"},{\"@type\":\"ListItem\",\"position\":2,\"name\":\"Sicherheitspolitik f\u00fcr Reservistenkameradschaften\"}]},{\"@type\":\"WebSite\",\"@id\":\"https:\\\/\\\/www.reservisten-brandenburg.de\\\/sicherheitspolitik\\\/#website\",\"url\":\"https:\\\/\\\/www.reservisten-brandenburg.de\\\/sicherheitspolitik\\\/\",\"name\":\"Sicherheitspolitik in Brandenburg\",\"description\":\"Eine weitere Reservistenverband Brandenburg - Websites Website\",\"publisher\":{\"@id\":\"https:\\\/\\\/www.reservisten-brandenburg.de\\\/sicherheitspolitik\\\/#organization\"},\"potentialAction\":[{\"@type\":\"SearchAction\",\"target\":{\"@type\":\"EntryPoint\",\"urlTemplate\":\"https:\\\/\\\/www.reservisten-brandenburg.de\\\/sicherheitspolitik\\\/?s={search_term_string}\"},\"query-input\":{\"@type\":\"PropertyValueSpecification\",\"valueRequired\":true,\"valueName\":\"search_term_string\"}}],\"inLanguage\":\"de\"},{\"@type\":\"Organization\",\"@id\":\"https:\\\/\\\/www.reservisten-brandenburg.de\\\/sicherheitspolitik\\\/#organization\",\"name\":\"Reservistenverband Brandenburg\",\"url\":\"https:\\\/\\\/www.reservisten-brandenburg.de\\\/sicherheitspolitik\\\/\",\"logo\":{\"@type\":\"ImageObject\",\"inLanguage\":\"de\",\"@id\":\"https:\\\/\\\/www.reservisten-brandenburg.de\\\/sicherheitspolitik\\\/#\\\/schema\\\/logo\\\/image\\\/\",\"url\":\"\",\"contentUrl\":\"\",\"caption\":\"Reservistenverband Brandenburg\"},\"image\":{\"@id\":\"https:\\\/\\\/www.reservisten-brandenburg.de\\\/sicherheitspolitik\\\/#\\\/schema\\\/logo\\\/image\\\/\"},\"sameAs\":[\"https:\\\/\\\/www.facebook.com\\\/reservisten.brandenburg\\\/\",\"https:\\\/\\\/x.com\\\/ResBrandenburg\",\"https:\\\/\\\/www.youtube.com\\\/channel\\\/UC30IySNYu79rnI6_89Sdf_A\",\"https:\\\/\\\/de.wikipedia.org\\\/wiki\\\/Verband_der_Reservisten_der_Deutschen_Bundeswehr\"]}]}<\/script>\n<!-- \/ Yoast SEO plugin. -->","yoast_head_json":{"title":"Sicherheitspolitik f\u00fcr Reservistenkameradschaften - Sicherheitspolitik in Brandenburg","description":"Der Landesvorstand unterst\u00fctzt die Reservistenkameradschaften bei der Planung und Durchf\u00fchrung von sicherheitspolitische Veranstaltungen.","robots":{"index":"index","follow":"follow","max-snippet":"max-snippet:-1","max-image-preview":"max-image-preview:large","max-video-preview":"max-video-preview:-1"},"canonical":"https:\/\/www.reservisten-brandenburg.de\/sicherheitspolitik\/sicherheitspolitische-veranstaltungen\/","og_locale":"de_DE","og_type":"article","og_title":"Sicherheitspolitik f\u00fcr Reservistenkameradschaften - Sicherheitspolitik in Brandenburg","og_description":"Der Landesvorstand unterst\u00fctzt die Reservistenkameradschaften bei der Planung und Durchf\u00fchrung von sicherheitspolitische Veranstaltungen.","og_url":"https:\/\/www.reservisten-brandenburg.de\/sicherheitspolitik\/sicherheitspolitische-veranstaltungen\/","og_site_name":"Sicherheitspolitik in Brandenburg","article_publisher":"https:\/\/www.facebook.com\/reservisten.brandenburg\/","article_modified_time":"2025-08-20T12:26:23+00:00","og_image":[{"width":1600,"height":900,"url":"http:\/\/www.reservisten-brandenburg.de\/sicherheitspolitik\/wp-content\/uploads\/sites\/6\/2020\/03\/KAS_Europaarmee_1.jpg","type":"image\/jpeg"}],"twitter_card":"summary_large_image","twitter_site":"@ResBrandenburg","twitter_misc":{"Gesch\u00e4tzte Lesezeit":"1\u00a0Minute"},"schema":{"@context":"https:\/\/schema.org","@graph":[{"@type":"WebPage","@id":"https:\/\/www.reservisten-brandenburg.de\/sicherheitspolitik\/sicherheitspolitische-veranstaltungen\/","url":"https:\/\/www.reservisten-brandenburg.de\/sicherheitspolitik\/sicherheitspolitische-veranstaltungen\/","name":"Sicherheitspolitik f\u00fcr Reservistenkameradschaften - Sicherheitspolitik in Brandenburg","isPartOf":{"@id":"https:\/\/www.reservisten-brandenburg.de\/sicherheitspolitik\/#website"},"primaryImageOfPage":{"@id":"https:\/\/www.reservisten-brandenburg.de\/sicherheitspolitik\/sicherheitspolitische-veranstaltungen\/#primaryimage"},"image":{"@id":"https:\/\/www.reservisten-brandenburg.de\/sicherheitspolitik\/sicherheitspolitische-veranstaltungen\/#primaryimage"},"thumbnailUrl":"https:\/\/www.reservisten-brandenburg.de\/sicherheitspolitik\/wp-content\/uploads\/sites\/6\/2020\/03\/KAS_Europaarmee_1.jpg","datePublished":"2020-03-20T04:48:17+00:00","dateModified":"2025-08-20T12:26:23+00:00","description":"Der Landesvorstand unterst\u00fctzt die Reservistenkameradschaften bei der Planung und Durchf\u00fchrung von sicherheitspolitische Veranstaltungen.","breadcrumb":{"@id":"https:\/\/www.reservisten-brandenburg.de\/sicherheitspolitik\/sicherheitspolitische-veranstaltungen\/#breadcrumb"},"inLanguage":"de","potentialAction":[{"@type":"ReadAction","target":["https:\/\/www.reservisten-brandenburg.de\/sicherheitspolitik\/sicherheitspolitische-veranstaltungen\/"]}]},{"@type":"ImageObject","inLanguage":"de","@id":"https:\/\/www.reservisten-brandenburg.de\/sicherheitspolitik\/sicherheitspolitische-veranstaltungen\/#primaryimage","url":"https:\/\/www.reservisten-brandenburg.de\/sicherheitspolitik\/wp-content\/uploads\/sites\/6\/2020\/03\/KAS_Europaarmee_1.jpg","contentUrl":"https:\/\/www.reservisten-brandenburg.de\/sicherheitspolitik\/wp-content\/uploads\/sites\/6\/2020\/03\/KAS_Europaarmee_1.jpg","width":1600,"height":900},{"@type":"BreadcrumbList","@id":"https:\/\/www.reservisten-brandenburg.de\/sicherheitspolitik\/sicherheitspolitische-veranstaltungen\/#breadcrumb","itemListElement":[{"@type":"ListItem","position":1,"name":"Startseite","item":"https:\/\/www.reservisten-brandenburg.de\/sicherheitspolitik\/"},{"@type":"ListItem","position":2,"name":"Sicherheitspolitik f\u00fcr Reservistenkameradschaften"}]},{"@type":"WebSite","@id":"https:\/\/www.reservisten-brandenburg.de\/sicherheitspolitik\/#website","url":"https:\/\/www.reservisten-brandenburg.de\/sicherheitspolitik\/","name":"Sicherheitspolitik in Brandenburg","description":"Eine weitere Reservistenverband Brandenburg - Websites Website","publisher":{"@id":"https:\/\/www.reservisten-brandenburg.de\/sicherheitspolitik\/#organization"},"potentialAction":[{"@type":"SearchAction","target":{"@type":"EntryPoint","urlTemplate":"https:\/\/www.reservisten-brandenburg.de\/sicherheitspolitik\/?s={search_term_string}"},"query-input":{"@type":"PropertyValueSpecification","valueRequired":true,"valueName":"search_term_string"}}],"inLanguage":"de"},{"@type":"Organization","@id":"https:\/\/www.reservisten-brandenburg.de\/sicherheitspolitik\/#organization","name":"Reservistenverband Brandenburg","url":"https:\/\/www.reservisten-brandenburg.de\/sicherheitspolitik\/","logo":{"@type":"ImageObject","inLanguage":"de","@id":"https:\/\/www.reservisten-brandenburg.de\/sicherheitspolitik\/#\/schema\/logo\/image\/","url":"","contentUrl":"","caption":"Reservistenverband Brandenburg"},"image":{"@id":"https:\/\/www.reservisten-brandenburg.de\/sicherheitspolitik\/#\/schema\/logo\/image\/"},"sameAs":["https:\/\/www.facebook.com\/reservisten.brandenburg\/","https:\/\/x.com\/ResBrandenburg","https:\/\/www.youtube.com\/channel\/UC30IySNYu79rnI6_89Sdf_A","https:\/\/de.wikipedia.org\/wiki\/Verband_der_Reservisten_der_Deutschen_Bundeswehr"]}]}},"_links":{"self":[{"href":"https:\/\/www.reservisten-brandenburg.de\/sicherheitspolitik\/wp-json\/wp\/v2\/pages\/56","targetHints":{"allow":["GET"]}}],"collection":[{"href":"https:\/\/www.reservisten-brandenburg.de\/sicherheitspolitik\/wp-json\/wp\/v2\/pages"}],"about":[{"href":"https:\/\/www.reservisten-brandenburg.de\/sicherheitspolitik\/wp-json\/wp\/v2\/types\/page"}],"author":[{"embeddable":true,"href":"https:\/\/www.reservisten-brandenburg.de\/sicherheitspolitik\/wp-json\/wp\/v2\/users\/12"}],"replies":[{"embeddable":true,"href":"https:\/\/www.reservisten-brandenburg.de\/sicherheitspolitik\/wp-json\/wp\/v2\/comments?post=56"}],"version-history":[{"count":0,"href":"https:\/\/www.reservisten-brandenburg.de\/sicherheitspolitik\/wp-json\/wp\/v2\/pages\/56\/revisions"}],"wp:featuredmedia":[{"embeddable":true,"href":"https:\/\/www.reservisten-brandenburg.de\/sicherheitspolitik\/wp-json\/wp\/v2\/media\/44"}],"wp:attachment":[{"href":"https:\/\/www.reservisten-brandenburg.de\/sicherheitspolitik\/wp-json\/wp\/v2\/media?parent=56"}],"curies":[{"name":"wp","href":"https:\/\/api.w.org\/{rel}","templated":true}]}}