{"id":16,"date":"2020-03-19T11:40:22","date_gmt":"2020-03-19T10:40:22","guid":{"rendered":"https:\/\/www.reservisten-brandenburg.de\/sicherheitspolitik\/?page_id=16"},"modified":"2020-03-23T13:57:26","modified_gmt":"2020-03-23T12:57:26","slug":"sicherheitspolitik","status":"publish","type":"page","link":"https:\/\/www.reservisten-brandenburg.de\/sicherheitspolitik\/","title":{"rendered":"Sicherheitspolitik in Brandenburg"},"content":{"rendered":"\n<p>Als Mittler der <a rel=\"noreferrer noopener\" aria-label=\"Bundeswehr (\u00f6ffnet in neuem Tab)\" href=\"http:\/\/www.bundeswehr.de\" target=\"_blank\">Bundeswehr<\/a> in der Gesellschaft \u2013 und dazu z\u00e4hlen alle Reservisten \u2013 ist es wichtig politische Diskussionen und Gespr\u00e4che sicher f\u00fchren und mit Faktenwissen untermauern zu k\u00f6nnen. Deshalb geh\u00f6rt die sicherheitspolitische Arbeit zur Kernarbeit des <a href=\"https:\/\/www.reservisten-brandenburg.de\/die-landesgruppe\/partner\/reservistenverband\/\">Reservistenverbandes<\/a>. Ihr Ziel ist es Zusammenh\u00e4nge, Abl\u00e4ufe und Entwicklungen der aktuellen, nationalen und internationalen Sicherheitspolitik zu vermitteln. Zur sicherheitspolitischen Arbeit geh\u00f6ren aber auch milit\u00e4rhistorische Themen.<\/p>\n\n\n\n<p>Sicherheitspolitische Veranstaltungen geh\u00f6ren zum festen Rahmen der Arbeit in den <a href=\"https:\/\/www.reservistenkameradschaften.de\" target=\"_blank\" rel=\"noreferrer noopener\" aria-label=\" (\u00f6ffnet in neuem Tab)\">Reservistenkameradschaften<\/a>. Der Landesbeauftragte f\u00fcr Sicherheitspolitik bietet hier seine <a href=\"https:\/\/www.reservisten-brandenburg.de\/sicherheitspolitik\/sicherheitspolitische-veranstaltungen\/\">umfangreiche Unterst\u00fctzung<\/a> an.<\/p>\n\n\n\n<p class=\"has-background has-very-light-gray-background-color\"><strong>Aktuelle Reportagen zur Sicherheitspolitik<\/strong> k\u00f6nnte Ihr jeden Monat in unserem <a href=\"https:\/\/www.reservisten-brandenburg.de\/presse\/magazin-loyal\/\" target=\"_blank\" rel=\"noreferrer noopener\" aria-label=\" (\u00f6ffnet in neuem Tab)\">Magazin Loyal<\/a> lesen. Mitglieder des Reservistenverbandes erhalten die Loyal <strong>11 mal im Jahr kostenlos<\/strong> nach Hause. Wenn Ihr noch nicht Mitglied seid, k\u00f6nnt Ihr hier ganz schnell <a rel=\"noreferrer noopener\" aria-label=\"online Mitglied der Landesgruppe Brandenburg (\u00f6ffnet in neuem Tab)\" href=\"https:\/\/www.reservisten-brandenburg.de\/mitgliedsantrag\/\" target=\"_blank\">online Mitglied der Landesgruppe Brandenburg<\/a> werden.<\/p>\n\n\n\n<p>Dar\u00fcber hinaus f\u00fchren wir regelm\u00e4\u00dfig sicherheitspolitische Veranstaltungen durch. Dazu laden wir zusammen mit unseren <a href=\"https:\/\/www.reservisten-brandenburg.de\/sicherheitspolitik\/kooperationspartner\/\">Kooperationspartnern<\/a> hochkar\u00e4tige Referenten ein. Diese Veranstaltungen finden zentral in der <a rel=\"noreferrer noopener\" aria-label=\"Landeshauptstadt Potsdam (\u00f6ffnet in neuem Tab)\" href=\"http:\/\/www.potsdam.de\" target=\"_blank\">Landeshauptstadt Potsdam<\/a> statt. Konkrete <a href=\"https:\/\/www.reservisten-brandenburg.de\/sicherheitspolitik\/veranstaltungen\/\">Termine und weitere Informationen<\/a> finden Sie auf unserer Webseite.<\/p>\n","protected":false},"excerpt":{"rendered":"<p>Als Mittler der Bundeswehr in der Gesellschaft \u2013 und dazu z\u00e4hlen alle Reservisten \u2013 ist es wichtig politische Diskussionen und Gespr\u00e4che sicher f\u00fchren und mit Faktenwissen untermauern zu k\u00f6nnen. Deshalb [&hellip;]<\/p>\n","protected":false},"author":12,"featured_media":42,"parent":0,"menu_order":0,"comment_status":"closed","ping_status":"closed","template":"","meta":{"footnotes":""},"class_list":["post-16","page","type-page","status-publish","has-post-thumbnail","hentry"],"yoast_head":"<!-- This site is optimized with the Yoast SEO plugin v27.4 - https:\/\/yoast.com\/product\/yoast-seo-wordpress\/ -->\n<title>Sicherheitspolitik in Brandenburg - Sicherheitspolitik in Brandenburg<\/title>\n<meta name=\"description\" content=\"Die Landesgruppe Brandenburg f\u00fchrt Informationsveranstaltungen und Weiterbildungen zur Sicherheitspolitik durch und kooperiert dabei auch mit Partnern.\" \/>\n<meta name=\"robots\" content=\"index, follow, max-snippet:-1, max-image-preview:large, max-video-preview:-1\" \/>\n<link rel=\"canonical\" href=\"https:\/\/www.reservisten-brandenburg.de\/sicherheitspolitik\/\" \/>\n<meta property=\"og:locale\" content=\"de_DE\" \/>\n<meta property=\"og:type\" content=\"article\" \/>\n<meta property=\"og:title\" content=\"Sicherheitspolitik in Brandenburg - Sicherheitspolitik in Brandenburg\" \/>\n<meta property=\"og:description\" content=\"Die Landesgruppe Brandenburg f\u00fchrt Informationsveranstaltungen und Weiterbildungen zur Sicherheitspolitik durch und kooperiert dabei auch mit Partnern.\" \/>\n<meta property=\"og:url\" content=\"https:\/\/www.reservisten-brandenburg.de\/sicherheitspolitik\/\" \/>\n<meta property=\"og:site_name\" content=\"Sicherheitspolitik in Brandenburg\" \/>\n<meta property=\"article:publisher\" content=\"https:\/\/www.facebook.com\/reservisten.brandenburg\/\" \/>\n<meta property=\"article:modified_time\" content=\"2020-03-23T12:57:26+00:00\" \/>\n<meta property=\"og:image\" content=\"https:\/\/www.reservisten-brandenburg.de\/sicherheitspolitik\/wp-content\/uploads\/sites\/6\/2020\/03\/Sicherheitspolitik_Buecher.jpg\" \/>\n\t<meta property=\"og:image:width\" content=\"1600\" \/>\n\t<meta property=\"og:image:height\" content=\"900\" \/>\n\t<meta property=\"og:image:type\" content=\"image\/jpeg\" \/>\n<meta name=\"twitter:card\" content=\"summary_large_image\" \/>\n<meta name=\"twitter:site\" content=\"@ResBrandenburg\" \/>\n<meta name=\"twitter:label1\" content=\"Gesch\u00e4tzte Lesezeit\" \/>\n\t<meta name=\"twitter:data1\" content=\"1\u00a0Minute\" \/>\n<script type=\"application\/ld+json\" class=\"yoast-schema-graph\">{\"@context\":\"https:\\\/\\\/schema.org\",\"@graph\":[{\"@type\":\"WebPage\",\"@id\":\"https:\\\/\\\/www.reservisten-brandenburg.de\\\/sicherheitspolitik\\\/\",\"url\":\"https:\\\/\\\/www.reservisten-brandenburg.de\\\/sicherheitspolitik\\\/\",\"name\":\"Sicherheitspolitik in Brandenburg - Sicherheitspolitik in Brandenburg\",\"isPartOf\":{\"@id\":\"https:\\\/\\\/www.reservisten-brandenburg.de\\\/sicherheitspolitik\\\/#website\"},\"primaryImageOfPage\":{\"@id\":\"https:\\\/\\\/www.reservisten-brandenburg.de\\\/sicherheitspolitik\\\/#primaryimage\"},\"image\":{\"@id\":\"https:\\\/\\\/www.reservisten-brandenburg.de\\\/sicherheitspolitik\\\/#primaryimage\"},\"thumbnailUrl\":\"https:\\\/\\\/www.reservisten-brandenburg.de\\\/sicherheitspolitik\\\/wp-content\\\/uploads\\\/sites\\\/6\\\/2020\\\/03\\\/Sicherheitspolitik_Buecher.jpg\",\"datePublished\":\"2020-03-19T10:40:22+00:00\",\"dateModified\":\"2020-03-23T12:57:26+00:00\",\"description\":\"Die Landesgruppe Brandenburg f\u00fchrt Informationsveranstaltungen und Weiterbildungen zur Sicherheitspolitik durch und kooperiert dabei auch mit Partnern.\",\"breadcrumb\":{\"@id\":\"https:\\\/\\\/www.reservisten-brandenburg.de\\\/sicherheitspolitik\\\/#breadcrumb\"},\"inLanguage\":\"de\",\"potentialAction\":[{\"@type\":\"ReadAction\",\"target\":[\"https:\\\/\\\/www.reservisten-brandenburg.de\\\/sicherheitspolitik\\\/\"]}]},{\"@type\":\"ImageObject\",\"inLanguage\":\"de\",\"@id\":\"https:\\\/\\\/www.reservisten-brandenburg.de\\\/sicherheitspolitik\\\/#primaryimage\",\"url\":\"https:\\\/\\\/www.reservisten-brandenburg.de\\\/sicherheitspolitik\\\/wp-content\\\/uploads\\\/sites\\\/6\\\/2020\\\/03\\\/Sicherheitspolitik_Buecher.jpg\",\"contentUrl\":\"https:\\\/\\\/www.reservisten-brandenburg.de\\\/sicherheitspolitik\\\/wp-content\\\/uploads\\\/sites\\\/6\\\/2020\\\/03\\\/Sicherheitspolitik_Buecher.jpg\",\"width\":1600,\"height\":900},{\"@type\":\"BreadcrumbList\",\"@id\":\"https:\\\/\\\/www.reservisten-brandenburg.de\\\/sicherheitspolitik\\\/#breadcrumb\",\"itemListElement\":[{\"@type\":\"ListItem\",\"position\":1,\"name\":\"Startseite\",\"item\":\"https:\\\/\\\/www.reservisten-brandenburg.de\\\/sicherheitspolitik\\\/\"},{\"@type\":\"ListItem\",\"position\":2,\"name\":\"Sicherheitspolitik in Brandenburg\"}]},{\"@type\":\"WebSite\",\"@id\":\"https:\\\/\\\/www.reservisten-brandenburg.de\\\/sicherheitspolitik\\\/#website\",\"url\":\"https:\\\/\\\/www.reservisten-brandenburg.de\\\/sicherheitspolitik\\\/\",\"name\":\"Sicherheitspolitik in Brandenburg\",\"description\":\"Eine weitere Reservistenverband Brandenburg - Websites Website\",\"publisher\":{\"@id\":\"https:\\\/\\\/www.reservisten-brandenburg.de\\\/sicherheitspolitik\\\/#organization\"},\"potentialAction\":[{\"@type\":\"SearchAction\",\"target\":{\"@type\":\"EntryPoint\",\"urlTemplate\":\"https:\\\/\\\/www.reservisten-brandenburg.de\\\/sicherheitspolitik\\\/?s={search_term_string}\"},\"query-input\":{\"@type\":\"PropertyValueSpecification\",\"valueRequired\":true,\"valueName\":\"search_term_string\"}}],\"inLanguage\":\"de\"},{\"@type\":\"Organization\",\"@id\":\"https:\\\/\\\/www.reservisten-brandenburg.de\\\/sicherheitspolitik\\\/#organization\",\"name\":\"Reservistenverband Brandenburg\",\"url\":\"https:\\\/\\\/www.reservisten-brandenburg.de\\\/sicherheitspolitik\\\/\",\"logo\":{\"@type\":\"ImageObject\",\"inLanguage\":\"de\",\"@id\":\"https:\\\/\\\/www.reservisten-brandenburg.de\\\/sicherheitspolitik\\\/#\\\/schema\\\/logo\\\/image\\\/\",\"url\":\"\",\"contentUrl\":\"\",\"caption\":\"Reservistenverband Brandenburg\"},\"image\":{\"@id\":\"https:\\\/\\\/www.reservisten-brandenburg.de\\\/sicherheitspolitik\\\/#\\\/schema\\\/logo\\\/image\\\/\"},\"sameAs\":[\"https:\\\/\\\/www.facebook.com\\\/reservisten.brandenburg\\\/\",\"https:\\\/\\\/x.com\\\/ResBrandenburg\",\"https:\\\/\\\/www.youtube.com\\\/channel\\\/UC30IySNYu79rnI6_89Sdf_A\",\"https:\\\/\\\/de.wikipedia.org\\\/wiki\\\/Verband_der_Reservisten_der_Deutschen_Bundeswehr\"]}]}<\/script>\n<!-- \/ Yoast SEO plugin. -->","yoast_head_json":{"title":"Sicherheitspolitik in Brandenburg - Sicherheitspolitik in Brandenburg","description":"Die Landesgruppe Brandenburg f\u00fchrt Informationsveranstaltungen und Weiterbildungen zur Sicherheitspolitik durch und kooperiert dabei auch mit Partnern.","robots":{"index":"index","follow":"follow","max-snippet":"max-snippet:-1","max-image-preview":"max-image-preview:large","max-video-preview":"max-video-preview:-1"},"canonical":"https:\/\/www.reservisten-brandenburg.de\/sicherheitspolitik\/","og_locale":"de_DE","og_type":"article","og_title":"Sicherheitspolitik in Brandenburg - Sicherheitspolitik in Brandenburg","og_description":"Die Landesgruppe Brandenburg f\u00fchrt Informationsveranstaltungen und Weiterbildungen zur Sicherheitspolitik durch und kooperiert dabei auch mit Partnern.","og_url":"https:\/\/www.reservisten-brandenburg.de\/sicherheitspolitik\/","og_site_name":"Sicherheitspolitik in Brandenburg","article_publisher":"https:\/\/www.facebook.com\/reservisten.brandenburg\/","article_modified_time":"2020-03-23T12:57:26+00:00","og_image":[{"width":1600,"height":900,"url":"https:\/\/www.reservisten-brandenburg.de\/sicherheitspolitik\/wp-content\/uploads\/sites\/6\/2020\/03\/Sicherheitspolitik_Buecher.jpg","type":"image\/jpeg"}],"twitter_card":"summary_large_image","twitter_site":"@ResBrandenburg","twitter_misc":{"Gesch\u00e4tzte Lesezeit":"1\u00a0Minute"},"schema":{"@context":"https:\/\/schema.org","@graph":[{"@type":"WebPage","@id":"https:\/\/www.reservisten-brandenburg.de\/sicherheitspolitik\/","url":"https:\/\/www.reservisten-brandenburg.de\/sicherheitspolitik\/","name":"Sicherheitspolitik in Brandenburg - Sicherheitspolitik in Brandenburg","isPartOf":{"@id":"https:\/\/www.reservisten-brandenburg.de\/sicherheitspolitik\/#website"},"primaryImageOfPage":{"@id":"https:\/\/www.reservisten-brandenburg.de\/sicherheitspolitik\/#primaryimage"},"image":{"@id":"https:\/\/www.reservisten-brandenburg.de\/sicherheitspolitik\/#primaryimage"},"thumbnailUrl":"https:\/\/www.reservisten-brandenburg.de\/sicherheitspolitik\/wp-content\/uploads\/sites\/6\/2020\/03\/Sicherheitspolitik_Buecher.jpg","datePublished":"2020-03-19T10:40:22+00:00","dateModified":"2020-03-23T12:57:26+00:00","description":"Die Landesgruppe Brandenburg f\u00fchrt Informationsveranstaltungen und Weiterbildungen zur Sicherheitspolitik durch und kooperiert dabei auch mit Partnern.","breadcrumb":{"@id":"https:\/\/www.reservisten-brandenburg.de\/sicherheitspolitik\/#breadcrumb"},"inLanguage":"de","potentialAction":[{"@type":"ReadAction","target":["https:\/\/www.reservisten-brandenburg.de\/sicherheitspolitik\/"]}]},{"@type":"ImageObject","inLanguage":"de","@id":"https:\/\/www.reservisten-brandenburg.de\/sicherheitspolitik\/#primaryimage","url":"https:\/\/www.reservisten-brandenburg.de\/sicherheitspolitik\/wp-content\/uploads\/sites\/6\/2020\/03\/Sicherheitspolitik_Buecher.jpg","contentUrl":"https:\/\/www.reservisten-brandenburg.de\/sicherheitspolitik\/wp-content\/uploads\/sites\/6\/2020\/03\/Sicherheitspolitik_Buecher.jpg","width":1600,"height":900},{"@type":"BreadcrumbList","@id":"https:\/\/www.reservisten-brandenburg.de\/sicherheitspolitik\/#breadcrumb","itemListElement":[{"@type":"ListItem","position":1,"name":"Startseite","item":"https:\/\/www.reservisten-brandenburg.de\/sicherheitspolitik\/"},{"@type":"ListItem","position":2,"name":"Sicherheitspolitik in Brandenburg"}]},{"@type":"WebSite","@id":"https:\/\/www.reservisten-brandenburg.de\/sicherheitspolitik\/#website","url":"https:\/\/www.reservisten-brandenburg.de\/sicherheitspolitik\/","name":"Sicherheitspolitik in Brandenburg","description":"Eine weitere Reservistenverband Brandenburg - Websites Website","publisher":{"@id":"https:\/\/www.reservisten-brandenburg.de\/sicherheitspolitik\/#organization"},"potentialAction":[{"@type":"SearchAction","target":{"@type":"EntryPoint","urlTemplate":"https:\/\/www.reservisten-brandenburg.de\/sicherheitspolitik\/?s={search_term_string}"},"query-input":{"@type":"PropertyValueSpecification","valueRequired":true,"valueName":"search_term_string"}}],"inLanguage":"de"},{"@type":"Organization","@id":"https:\/\/www.reservisten-brandenburg.de\/sicherheitspolitik\/#organization","name":"Reservistenverband Brandenburg","url":"https:\/\/www.reservisten-brandenburg.de\/sicherheitspolitik\/","logo":{"@type":"ImageObject","inLanguage":"de","@id":"https:\/\/www.reservisten-brandenburg.de\/sicherheitspolitik\/#\/schema\/logo\/image\/","url":"","contentUrl":"","caption":"Reservistenverband Brandenburg"},"image":{"@id":"https:\/\/www.reservisten-brandenburg.de\/sicherheitspolitik\/#\/schema\/logo\/image\/"},"sameAs":["https:\/\/www.facebook.com\/reservisten.brandenburg\/","https:\/\/x.com\/ResBrandenburg","https:\/\/www.youtube.com\/channel\/UC30IySNYu79rnI6_89Sdf_A","https:\/\/de.wikipedia.org\/wiki\/Verband_der_Reservisten_der_Deutschen_Bundeswehr"]}]}},"_links":{"self":[{"href":"https:\/\/www.reservisten-brandenburg.de\/sicherheitspolitik\/wp-json\/wp\/v2\/pages\/16","targetHints":{"allow":["GET"]}}],"collection":[{"href":"https:\/\/www.reservisten-brandenburg.de\/sicherheitspolitik\/wp-json\/wp\/v2\/pages"}],"about":[{"href":"https:\/\/www.reservisten-brandenburg.de\/sicherheitspolitik\/wp-json\/wp\/v2\/types\/page"}],"author":[{"embeddable":true,"href":"https:\/\/www.reservisten-brandenburg.de\/sicherheitspolitik\/wp-json\/wp\/v2\/users\/12"}],"replies":[{"embeddable":true,"href":"https:\/\/www.reservisten-brandenburg.de\/sicherheitspolitik\/wp-json\/wp\/v2\/comments?post=16"}],"version-history":[{"count":0,"href":"https:\/\/www.reservisten-brandenburg.de\/sicherheitspolitik\/wp-json\/wp\/v2\/pages\/16\/revisions"}],"wp:featuredmedia":[{"embeddable":true,"href":"https:\/\/www.reservisten-brandenburg.de\/sicherheitspolitik\/wp-json\/wp\/v2\/media\/42"}],"wp:attachment":[{"href":"https:\/\/www.reservisten-brandenburg.de\/sicherheitspolitik\/wp-json\/wp\/v2\/media?parent=16"}],"curies":[{"name":"wp","href":"https:\/\/api.w.org\/{rel}","templated":true}]}}