{"id":52,"date":"2020-03-19T23:06:17","date_gmt":"2020-03-19T22:06:17","guid":{"rendered":"https:\/\/www.reservisten-brandenburg.de\/reservistenkameradschaften\/?page_id=52"},"modified":"2020-07-24T22:42:47","modified_gmt":"2020-07-24T20:42:47","slug":"vor-ort","status":"publish","type":"page","link":"https:\/\/www.reservisten-brandenburg.de\/reservistenkameradschaften\/vor-ort\/","title":{"rendered":"Die Reserve vor Ort"},"content":{"rendered":"\n<p>Die Reservistenkameradschaften sind der \u00f6rtliche und vom Dienstgrad unabh\u00e4ngige Zusammenschluss von Verbandsmitgliedern. Sie verteilen sich \u00fcber das gesamte Land Brandenburg. Jedes Mitglied im Reservistenverband ist frei in der Wahl der Reservistenkameradschaft.<\/p>\n\n\n\n<h4 class=\"wp-block-heading\">Rerservistenkameradschaft Potsdam<\/h4>\n\n\n\n<p>Die <a rel=\"noreferrer noopener\" aria-label=\"Reservistenkameradschaft \u201cGro\u00dfer Kurf\u00fcrst\u201d Potsdam (\u00f6ffnet in neuem Tab)\" href=\"https:\/\/www.rk-potsdam.com\" target=\"_blank\">Reservistenkameradschaft \u201cGro\u00dfer Kurf\u00fcrst\u201d Potsdam<\/a> wurde 1994  gegr\u00fcndet und ist mit \u00fcber 220 Mitgliedern die gr\u00f6\u00dfte RK im Land  Brandenburg. Sie ist in der beorderungsunabh\u00e4ngigen, freiwilligen  Reservistenarbeit aktiv und f\u00fchrt u.a. Veranstaltungen im Bereich der Milit\u00e4rischen Ausbildung und der Sicherheitspolitik durch. Die RK Potsdam arbeite im Rahmen gemeinsamer Ausbildungen mit dem Technischem Hilfswerk Hamburg-Mitte zusammen.<\/p>\n\n\n\n<p>Zum Kurzprofil: <a href=\"https:\/\/www.reservisten-brandenburg.de\/reservistenkameradschaften\/vor-ort\/rk-potsdam\/\">Reservistenkameradschaft Potsdam<\/a>.<\/p>\n\n\n\n<h4 class=\"wp-block-heading\">Reservistenkameradschaft Lehnitz<\/h4>\n\n\n\n<p>Die <a href=\"http:\/\/www.rk-lehnitz.de\" target=\"_blank\" rel=\"noreferrer noopener\" aria-label=\"Reservistenkameradschaft &quot;Roter Adler&quot; Lehnitz (\u00f6ffnet in neuem Tab)\">Reservistenkameradschaft &#8222;Roter Adler&#8220; Lehnitz<\/a> wurde im Jahr 1994 in Lehnitz bei Oranienburg gegr\u00fcndet und ist die zweitgr\u00f6\u00dfte Reservistenkameradschaft des Landesverbandes Brandenburg. Bis zur Aufl\u00f6sung des Panzerartilleriebataillons 425 im Sommer 2006 hatte sie Ihre milit\u00e4rische Heimat in der M\u00e4rkischen Kaserne in Lehnitz.<\/p>\n","protected":false},"excerpt":{"rendered":"<p>Die Reservistenkameradschaften sind der \u00f6rtliche und vom Dienstgrad unabh\u00e4ngige Zusammenschluss von Verbandsmitgliedern. Sie verteilen sich \u00fcber das gesamte Land Brandenburg. Jedes Mitglied im Reservistenverband ist frei in der Wahl der [&hellip;]<\/p>\n","protected":false},"author":12,"featured_media":96,"parent":0,"menu_order":2,"comment_status":"closed","ping_status":"closed","template":"","meta":{"footnotes":""},"class_list":["post-52","page","type-page","status-publish","has-post-thumbnail","hentry"],"yoast_head":"<!-- This site is optimized with the Yoast SEO plugin v27.5 - https:\/\/yoast.com\/product\/yoast-seo-wordpress\/ -->\n<title>Die Reserve vor Ort - Die Reserve vor Ort<\/title>\n<meta name=\"robots\" content=\"index, follow, max-snippet:-1, max-image-preview:large, max-video-preview:-1\" \/>\n<link rel=\"canonical\" href=\"https:\/\/www.reservisten-brandenburg.de\/reservistenkameradschaften\/vor-ort\/\" \/>\n<meta property=\"og:locale\" content=\"de_DE\" \/>\n<meta property=\"og:type\" content=\"article\" \/>\n<meta property=\"og:title\" content=\"Die Reserve vor Ort - Die Reserve vor Ort\" \/>\n<meta property=\"og:description\" content=\"Die Reservistenkameradschaften sind der \u00f6rtliche und vom Dienstgrad unabh\u00e4ngige Zusammenschluss von Verbandsmitgliedern. Sie verteilen sich \u00fcber das gesamte Land Brandenburg. Jedes Mitglied im Reservistenverband ist frei in der Wahl der [&hellip;]\" \/>\n<meta property=\"og:url\" content=\"https:\/\/www.reservisten-brandenburg.de\/reservistenkameradschaften\/vor-ort\/\" \/>\n<meta property=\"og:site_name\" content=\"Die Reserve vor Ort\" \/>\n<meta property=\"article:publisher\" content=\"https:\/\/www.facebook.com\/reservisten.brandenburg\/\" \/>\n<meta property=\"article:modified_time\" content=\"2020-07-24T20:42:47+00:00\" \/>\n<meta property=\"og:image\" content=\"https:\/\/www.reservisten-brandenburg.de\/reservistenkameradschaften\/wp-content\/uploads\/sites\/9\/2020\/03\/RK-Potsdam_marschieren_RK-Luckenwalde_2.jpg\" \/>\n\t<meta property=\"og:image:width\" content=\"1600\" \/>\n\t<meta property=\"og:image:height\" content=\"900\" \/>\n\t<meta property=\"og:image:type\" content=\"image\/jpeg\" \/>\n<meta name=\"twitter:card\" content=\"summary_large_image\" \/>\n<meta name=\"twitter:site\" content=\"@ResBrandenburg\" \/>\n<meta name=\"twitter:label1\" content=\"Gesch\u00e4tzte Lesezeit\" \/>\n\t<meta name=\"twitter:data1\" content=\"1\u00a0Minute\" \/>\n<script type=\"application\/ld+json\" class=\"yoast-schema-graph\">{\"@context\":\"https:\\\/\\\/schema.org\",\"@graph\":[{\"@type\":\"WebPage\",\"@id\":\"https:\\\/\\\/www.reservisten-brandenburg.de\\\/reservistenkameradschaften\\\/vor-ort\\\/\",\"url\":\"https:\\\/\\\/www.reservisten-brandenburg.de\\\/reservistenkameradschaften\\\/vor-ort\\\/\",\"name\":\"Die Reserve vor Ort - Die Reserve vor Ort\",\"isPartOf\":{\"@id\":\"https:\\\/\\\/www.reservisten-brandenburg.de\\\/reservistenkameradschaften\\\/#website\"},\"primaryImageOfPage\":{\"@id\":\"https:\\\/\\\/www.reservisten-brandenburg.de\\\/reservistenkameradschaften\\\/vor-ort\\\/#primaryimage\"},\"image\":{\"@id\":\"https:\\\/\\\/www.reservisten-brandenburg.de\\\/reservistenkameradschaften\\\/vor-ort\\\/#primaryimage\"},\"thumbnailUrl\":\"https:\\\/\\\/www.reservisten-brandenburg.de\\\/reservistenkameradschaften\\\/wp-content\\\/uploads\\\/sites\\\/9\\\/2020\\\/03\\\/RK-Potsdam_marschieren_RK-Luckenwalde_2.jpg\",\"datePublished\":\"2020-03-19T22:06:17+00:00\",\"dateModified\":\"2020-07-24T20:42:47+00:00\",\"breadcrumb\":{\"@id\":\"https:\\\/\\\/www.reservisten-brandenburg.de\\\/reservistenkameradschaften\\\/vor-ort\\\/#breadcrumb\"},\"inLanguage\":\"de\",\"potentialAction\":[{\"@type\":\"ReadAction\",\"target\":[\"https:\\\/\\\/www.reservisten-brandenburg.de\\\/reservistenkameradschaften\\\/vor-ort\\\/\"]}]},{\"@type\":\"ImageObject\",\"inLanguage\":\"de\",\"@id\":\"https:\\\/\\\/www.reservisten-brandenburg.de\\\/reservistenkameradschaften\\\/vor-ort\\\/#primaryimage\",\"url\":\"https:\\\/\\\/www.reservisten-brandenburg.de\\\/reservistenkameradschaften\\\/wp-content\\\/uploads\\\/sites\\\/9\\\/2020\\\/03\\\/RK-Potsdam_marschieren_RK-Luckenwalde_2.jpg\",\"contentUrl\":\"https:\\\/\\\/www.reservisten-brandenburg.de\\\/reservistenkameradschaften\\\/wp-content\\\/uploads\\\/sites\\\/9\\\/2020\\\/03\\\/RK-Potsdam_marschieren_RK-Luckenwalde_2.jpg\",\"width\":1600,\"height\":900},{\"@type\":\"BreadcrumbList\",\"@id\":\"https:\\\/\\\/www.reservisten-brandenburg.de\\\/reservistenkameradschaften\\\/vor-ort\\\/#breadcrumb\",\"itemListElement\":[{\"@type\":\"ListItem\",\"position\":1,\"name\":\"Startseite\",\"item\":\"https:\\\/\\\/www.reservisten-brandenburg.de\\\/reservistenkameradschaften\\\/\"},{\"@type\":\"ListItem\",\"position\":2,\"name\":\"Die Reserve vor Ort\"}]},{\"@type\":\"WebSite\",\"@id\":\"https:\\\/\\\/www.reservisten-brandenburg.de\\\/reservistenkameradschaften\\\/#website\",\"url\":\"https:\\\/\\\/www.reservisten-brandenburg.de\\\/reservistenkameradschaften\\\/\",\"name\":\"Die Reserve vor Ort\",\"description\":\"Eine weitere Reservistenverband Brandenburg - Websites Website\",\"publisher\":{\"@id\":\"https:\\\/\\\/www.reservisten-brandenburg.de\\\/reservistenkameradschaften\\\/#organization\"},\"potentialAction\":[{\"@type\":\"SearchAction\",\"target\":{\"@type\":\"EntryPoint\",\"urlTemplate\":\"https:\\\/\\\/www.reservisten-brandenburg.de\\\/reservistenkameradschaften\\\/?s={search_term_string}\"},\"query-input\":{\"@type\":\"PropertyValueSpecification\",\"valueRequired\":true,\"valueName\":\"search_term_string\"}}],\"inLanguage\":\"de\"},{\"@type\":\"Organization\",\"@id\":\"https:\\\/\\\/www.reservisten-brandenburg.de\\\/reservistenkameradschaften\\\/#organization\",\"name\":\"Reservistenverband Brandenburg\",\"url\":\"https:\\\/\\\/www.reservisten-brandenburg.de\\\/reservistenkameradschaften\\\/\",\"logo\":{\"@type\":\"ImageObject\",\"inLanguage\":\"de\",\"@id\":\"https:\\\/\\\/www.reservisten-brandenburg.de\\\/reservistenkameradschaften\\\/#\\\/schema\\\/logo\\\/image\\\/\",\"url\":\"\",\"contentUrl\":\"\",\"caption\":\"Reservistenverband Brandenburg\"},\"image\":{\"@id\":\"https:\\\/\\\/www.reservisten-brandenburg.de\\\/reservistenkameradschaften\\\/#\\\/schema\\\/logo\\\/image\\\/\"},\"sameAs\":[\"https:\\\/\\\/www.facebook.com\\\/reservisten.brandenburg\\\/\",\"https:\\\/\\\/x.com\\\/ResBrandenburg\",\"https:\\\/\\\/www.youtube.com\\\/channel\\\/UC30IySNYu79rnI6_89Sdf_A\",\"https:\\\/\\\/de.wikipedia.org\\\/wiki\\\/Verband_der_Reservisten_der_Deutschen_Bundeswehr\"]}]}<\/script>\n<!-- \/ Yoast SEO plugin. -->","yoast_head_json":{"title":"Die Reserve vor Ort - Die Reserve vor Ort","robots":{"index":"index","follow":"follow","max-snippet":"max-snippet:-1","max-image-preview":"max-image-preview:large","max-video-preview":"max-video-preview:-1"},"canonical":"https:\/\/www.reservisten-brandenburg.de\/reservistenkameradschaften\/vor-ort\/","og_locale":"de_DE","og_type":"article","og_title":"Die Reserve vor Ort - Die Reserve vor Ort","og_description":"Die Reservistenkameradschaften sind der \u00f6rtliche und vom Dienstgrad unabh\u00e4ngige Zusammenschluss von Verbandsmitgliedern. Sie verteilen sich \u00fcber das gesamte Land Brandenburg. Jedes Mitglied im Reservistenverband ist frei in der Wahl der [&hellip;]","og_url":"https:\/\/www.reservisten-brandenburg.de\/reservistenkameradschaften\/vor-ort\/","og_site_name":"Die Reserve vor Ort","article_publisher":"https:\/\/www.facebook.com\/reservisten.brandenburg\/","article_modified_time":"2020-07-24T20:42:47+00:00","og_image":[{"width":1600,"height":900,"url":"https:\/\/www.reservisten-brandenburg.de\/reservistenkameradschaften\/wp-content\/uploads\/sites\/9\/2020\/03\/RK-Potsdam_marschieren_RK-Luckenwalde_2.jpg","type":"image\/jpeg"}],"twitter_card":"summary_large_image","twitter_site":"@ResBrandenburg","twitter_misc":{"Gesch\u00e4tzte Lesezeit":"1\u00a0Minute"},"schema":{"@context":"https:\/\/schema.org","@graph":[{"@type":"WebPage","@id":"https:\/\/www.reservisten-brandenburg.de\/reservistenkameradschaften\/vor-ort\/","url":"https:\/\/www.reservisten-brandenburg.de\/reservistenkameradschaften\/vor-ort\/","name":"Die Reserve vor Ort - Die Reserve vor Ort","isPartOf":{"@id":"https:\/\/www.reservisten-brandenburg.de\/reservistenkameradschaften\/#website"},"primaryImageOfPage":{"@id":"https:\/\/www.reservisten-brandenburg.de\/reservistenkameradschaften\/vor-ort\/#primaryimage"},"image":{"@id":"https:\/\/www.reservisten-brandenburg.de\/reservistenkameradschaften\/vor-ort\/#primaryimage"},"thumbnailUrl":"https:\/\/www.reservisten-brandenburg.de\/reservistenkameradschaften\/wp-content\/uploads\/sites\/9\/2020\/03\/RK-Potsdam_marschieren_RK-Luckenwalde_2.jpg","datePublished":"2020-03-19T22:06:17+00:00","dateModified":"2020-07-24T20:42:47+00:00","breadcrumb":{"@id":"https:\/\/www.reservisten-brandenburg.de\/reservistenkameradschaften\/vor-ort\/#breadcrumb"},"inLanguage":"de","potentialAction":[{"@type":"ReadAction","target":["https:\/\/www.reservisten-brandenburg.de\/reservistenkameradschaften\/vor-ort\/"]}]},{"@type":"ImageObject","inLanguage":"de","@id":"https:\/\/www.reservisten-brandenburg.de\/reservistenkameradschaften\/vor-ort\/#primaryimage","url":"https:\/\/www.reservisten-brandenburg.de\/reservistenkameradschaften\/wp-content\/uploads\/sites\/9\/2020\/03\/RK-Potsdam_marschieren_RK-Luckenwalde_2.jpg","contentUrl":"https:\/\/www.reservisten-brandenburg.de\/reservistenkameradschaften\/wp-content\/uploads\/sites\/9\/2020\/03\/RK-Potsdam_marschieren_RK-Luckenwalde_2.jpg","width":1600,"height":900},{"@type":"BreadcrumbList","@id":"https:\/\/www.reservisten-brandenburg.de\/reservistenkameradschaften\/vor-ort\/#breadcrumb","itemListElement":[{"@type":"ListItem","position":1,"name":"Startseite","item":"https:\/\/www.reservisten-brandenburg.de\/reservistenkameradschaften\/"},{"@type":"ListItem","position":2,"name":"Die Reserve vor Ort"}]},{"@type":"WebSite","@id":"https:\/\/www.reservisten-brandenburg.de\/reservistenkameradschaften\/#website","url":"https:\/\/www.reservisten-brandenburg.de\/reservistenkameradschaften\/","name":"Die Reserve vor Ort","description":"Eine weitere Reservistenverband Brandenburg - Websites Website","publisher":{"@id":"https:\/\/www.reservisten-brandenburg.de\/reservistenkameradschaften\/#organization"},"potentialAction":[{"@type":"SearchAction","target":{"@type":"EntryPoint","urlTemplate":"https:\/\/www.reservisten-brandenburg.de\/reservistenkameradschaften\/?s={search_term_string}"},"query-input":{"@type":"PropertyValueSpecification","valueRequired":true,"valueName":"search_term_string"}}],"inLanguage":"de"},{"@type":"Organization","@id":"https:\/\/www.reservisten-brandenburg.de\/reservistenkameradschaften\/#organization","name":"Reservistenverband Brandenburg","url":"https:\/\/www.reservisten-brandenburg.de\/reservistenkameradschaften\/","logo":{"@type":"ImageObject","inLanguage":"de","@id":"https:\/\/www.reservisten-brandenburg.de\/reservistenkameradschaften\/#\/schema\/logo\/image\/","url":"","contentUrl":"","caption":"Reservistenverband Brandenburg"},"image":{"@id":"https:\/\/www.reservisten-brandenburg.de\/reservistenkameradschaften\/#\/schema\/logo\/image\/"},"sameAs":["https:\/\/www.facebook.com\/reservisten.brandenburg\/","https:\/\/x.com\/ResBrandenburg","https:\/\/www.youtube.com\/channel\/UC30IySNYu79rnI6_89Sdf_A","https:\/\/de.wikipedia.org\/wiki\/Verband_der_Reservisten_der_Deutschen_Bundeswehr"]}]}},"_links":{"self":[{"href":"https:\/\/www.reservisten-brandenburg.de\/reservistenkameradschaften\/wp-json\/wp\/v2\/pages\/52","targetHints":{"allow":["GET"]}}],"collection":[{"href":"https:\/\/www.reservisten-brandenburg.de\/reservistenkameradschaften\/wp-json\/wp\/v2\/pages"}],"about":[{"href":"https:\/\/www.reservisten-brandenburg.de\/reservistenkameradschaften\/wp-json\/wp\/v2\/types\/page"}],"author":[{"embeddable":true,"href":"https:\/\/www.reservisten-brandenburg.de\/reservistenkameradschaften\/wp-json\/wp\/v2\/users\/12"}],"replies":[{"embeddable":true,"href":"https:\/\/www.reservisten-brandenburg.de\/reservistenkameradschaften\/wp-json\/wp\/v2\/comments?post=52"}],"version-history":[{"count":0,"href":"https:\/\/www.reservisten-brandenburg.de\/reservistenkameradschaften\/wp-json\/wp\/v2\/pages\/52\/revisions"}],"wp:featuredmedia":[{"embeddable":true,"href":"https:\/\/www.reservisten-brandenburg.de\/reservistenkameradschaften\/wp-json\/wp\/v2\/media\/96"}],"wp:attachment":[{"href":"https:\/\/www.reservisten-brandenburg.de\/reservistenkameradschaften\/wp-json\/wp\/v2\/media?parent=52"}],"curies":[{"name":"wp","href":"https:\/\/api.w.org\/{rel}","templated":true}]}}