{"id":237,"date":"2020-12-08T23:35:40","date_gmt":"2020-12-08T22:35:40","guid":{"rendered":"https:\/\/www.reservisten-brandenburg.de\/reservistenkameradschaften\/?page_id=237"},"modified":"2021-01-08T11:20:21","modified_gmt":"2021-01-08T10:20:21","slug":"internetseite","status":"publish","type":"page","link":"https:\/\/www.reservisten-brandenburg.de\/reservistenkameradschaften\/informationen\/internetseite\/","title":{"rendered":"Internetseite f\u00fcr die Reservistenkameradschaften"},"content":{"rendered":"\n<p>Unsere <a href=\"https:\/\/www.reservisten-brandenburg.de\/reservistenkameradschaften\/\">Reservistenkameradschaften<\/a> und Reservistenarbeitsgemeinschaften wurden bei Bedarf durch Beratung, Schulung und die Bereitstellung von IT-Services unterst\u00fctzt. So haben grunds\u00e4tzlich alle Gliederungen der Landesgruppe die M\u00f6glichkeit eine eigene Unter-Webseite zu nutzen oder eigene Informationen im Onlineangebot der Landesgruppe zu publizieren. <\/p>\n\n\n\n<!--more-->\n\n\n\n<h2 class=\"wp-block-heading\">Die Reservistenkameradschaft im Internet<\/h2>\n\n\n\n<p>Den Reservistenkameradschaften werden dazu drei Optionen angeboten:<\/p>\n\n\n\n<ol class=\"wp-block-list\"><li>Sie nutzen das <a href=\"http:\/\/www.reservistenverband.de\/brandenburg\/\" target=\"_blank\" rel=\"noreferrer noopener\">CMS des Reservistenverbandes<\/a> mit seinen (eingeschr\u00e4nkten, aber oftmals ausreichenden) M\u00f6glichkeiten. Ein Beauftragter der Reservistenkameradschaften erh\u00e4lt dazu einen Zugang als Redakteur und kann dann die Unterseite pflegen.<\/li><li>Sie pr\u00e4sentieren sich auf einer oder mehrere Unterseiten (z.B. <a href=\"https:\/\/www.reservisten-brandenburg.de\/reservistenkameradschaften\/vor-ort\/rk-potsdam\/\">RK Potsdam<\/a>) auf der neuen Internetseite der Landesgruppe, um die RK und Ansprechpartner darzustellen. Die technische Betreuung erfolgt durch die Landesgruppe. Dieses Modell ist sinnvoll, um begrenzte Informationen bereit zu stellenm, die sich nur selten \u00e4ndern.<\/li><li>Sie nutzen des CMS der Landesgruppe Brandenburg und erhalten eine eigene Unterseite, auf der beliebig viele Seiten, Beitr\u00e4ge und Veranstaltungen angelegt werden k\u00f6nnen (z.B. <a href=\"http:\/\/www.rk-potsdam.com\/\" target=\"_blank\" rel=\"noreferrer noopener\">RK Potsdam<\/a>). Ein Beauftragter der Reservistenkameradschaften erh\u00e4lt dazu einen Zugang als Redakteur und kann dann die Unterseite pflegen.<\/li><\/ol>\n\n\n\n<h2 class=\"wp-block-heading\">Inhalte: Text und Bild<\/h2>\n\n\n\n<p>Die Inhalte f\u00fcr die Darstellung auf der <a href=\"https:\/\/www.reservisten-brandenburg.de\/\" target=\"_blank\" rel=\"noreferrer noopener\">Plattform der Landesgruppe<\/a> kommen grunds\u00e4tzlich von den Reservistenkameradschaften. Wichtig dabei ist:<\/p>\n\n\n\n<ul class=\"wp-block-list\"><li>Inhalte, egal ob Texte oder Bilder m\u00fcssen einem gewissen <strong>technischen und inhaltlichen Mindestma\u00df an Qualit\u00e4t<\/strong> gen\u00fcgen.<\/li><li>Die <strong>Urheber- oder Nutzungsrechte<\/strong> an den Texten und Medien <strong>m\u00fcssen zwingend bei den Reservistenkameradschaften liegen<\/strong>. Im Zweifel werden Inhalte nicht publiziert!<\/li><li>Insbesondere bei Bildern sind die <strong>Urheber zu kennzeichnen<\/strong> und ggf. die Quelle bei lizenzfreien Produkten mit anzugeben.<\/li><li>Beitragsbilder f\u00fcr Veranstaltungen, Nachrichten oder Seiten m\u00fcssen im JPG-Format (empfohlende Qualit\u00e4t 70-80%) und der Gr\u00f6\u00dfe 1600&#215;900 Pixel vorliegen.<\/li><\/ul>\n\n\n\n<p>Der Landesvorstand unterst\u00fctzt der Reservistenkameradschaften gerne. Dazu am besten vorher den <a href=\"http:\/\/www.cyber-ops.de\" target=\"_blank\" rel=\"noreferrer noopener\">zust\u00e4ndigen stellvertretenden Landesvorsitzenden<\/a> fragen.<\/p>\n\n\n\n<h2 class=\"wp-block-heading\" id=\"termine\">Termine der Reservistenkameradschaften<\/h2>\n\n\n\n<p>Die meisten <strong>Termine der Landesgruppe<\/strong> werden auf der Internetseite im <a href=\"http:\/\/www.reservisten-brandenburg.de\/events\/\" target=\"_blank\" rel=\"noreferrer noopener\">Veranstaltungskalender<\/a> ver\u00f6ffentlicht. So haben alle Mitglieder und die interessierte \u00d6ffentlichkeit die M\u00f6glichkeit sich <strong>aktuell<\/strong> zu informieren und auch gleich online<strong> zu den Veranstaltungen anzumelden<\/strong>.<\/p>\n\n\n\n<p>Die <strong>Reservistenkameradschaften<\/strong> k\u00f6nnen hier ebenfalls ihre<strong> <\/strong>wesentlichen<strong> Veranstaltungen ver\u00f6ffentlichen<\/strong>. Das werden im Regelfall ihre dienstlichen Veranstaltungen sein, die in Zusammenarbeit mit der Bundeswehr durchgef\u00fchrt werden. Wichtig ist dabei:<\/p>\n\n\n\n<ul class=\"wp-block-list\"><li>Die <strong>Initiative<\/strong> zur Ver\u00f6ffentlichung geht von den durchf\u00fchrenden Reservistenkameradschaften aus.  Diese melden die zur Ver\u00f6ffentlichung bestimmten Daten (u.a. Name, Ort, Zeit, Beschreibung) von sich aus. <\/li><li>Die <strong>Daten<\/strong> werden <strong>im vorgegebenen Format<\/strong> mit <a href=\"http:\/\/www.reservisten-brandenburg.de\/reservistenkameradschaften\/wp-content\/uploads\/sites\/9\/2020\/12\/Vorlage-DVag-Import.xlsx\" target=\"_blank\" rel=\"noreferrer noopener\">dieser Excel-Tabelle<\/a> <a rel=\"noreferrer noopener\" href=\"ma&#105;&#108;&#116;&#x6f;&#x3a;&#x69;&#x74;&#64;r&#101;&#115;&#101;&#x72;&#x76;&#x69;&#x73;te&#110;&#45;&#98;&#x72;&#x61;&#x6e;&#x64;en&#98;&#117;&#114;&#x67;&#x2e;&#x64;&#x65;\" target=\"_blank\">per E-Mail<\/a> gemeldet.<\/li><li>F\u00fcr den automatisierten Import ist es erforderlich, dass im gesamten Dokument <strong>kein Komma<\/strong> vorkommt. Formatierung und Sonderzeichen (inkl. Komma) sind im HTML-Format (<a rel=\"noreferrer noopener\" href=\"https:\/\/html.spec.whatwg.org\/multipage\/named-characters.html#named-character-references\" target=\"_blank\">UTF-8 Zeichen Referenz<\/a>) m\u00f6glich. Andernfalls wird der Text unfomatiert als einfacher Flie\u00dftext \u00fcbernommen.<\/li><li>Ein <strong>Veranstaltungsbild<\/strong> kann, unter Beachtung der weiter oben genannten Vorgaben und eindeutiger Bezeichnung, als weitere Anlage  mit der E-Mail gesendet werden. Andernfalls wird ein Platzhalter (hier z.B. <a rel=\"noreferrer noopener\" href=\"https:\/\/www.reservisten-brandenburg.de\/wp-content\/uploads\/2020\/01\/Wappen-RK-Lehnitz.jpg\" target=\"_blank\">RK Lehnitz<\/a>) verwendet.<\/li><li>Die <strong>Meldung<\/strong> der Veranstaltungen <strong>erfolgt geb\u00fcndelt<\/strong>. Einzelne Aktualisierungen und Erg\u00e4nzungen sind aber weiterhin m\u00f6glich.<\/li><li>Die Reservistenkameradschaften k\u00f6nnen in Echtzeit \u00fcber jeder Anmeldung per E-Mail informiert werden. Dazu ist eine E-Mail-Adresse zu benennen. Die Einstellung gilt dann generell f\u00fcr alle Veranstaltungen der RK.<\/li><\/ul>\n\n\n\n<hr class=\"wp-block-separator\"\/>\n\n\n\n<div class=\"wp-block-media-text alignwide is-stacked-on-mobile\" style=\"grid-template-columns:32% auto\"><figure class=\"wp-block-media-text__media\"><img loading=\"lazy\" decoding=\"async\" width=\"480\" height=\"300\" src=\"http:\/\/www.reservisten-brandenburg.de\/reservistenkameradschaften\/wp-content\/uploads\/sites\/9\/2020\/12\/Ronald_Nitschke.jpg\" alt=\"\" class=\"wp-image-262 size-full\" srcset=\"https:\/\/www.reservisten-brandenburg.de\/reservistenkameradschaften\/wp-content\/uploads\/sites\/9\/2020\/12\/Ronald_Nitschke.jpg 480w, https:\/\/www.reservisten-brandenburg.de\/reservistenkameradschaften\/wp-content\/uploads\/sites\/9\/2020\/12\/Ronald_Nitschke-300x188.jpg 300w\" sizes=\"auto, (max-width: 480px) 100vw, 480px\" \/><\/figure><div class=\"wp-block-media-text__content\">\n<p style=\"font-size:24px; margin-bottom:-5px;\">Stellvertretender Landesvorsitzender<\/p>\n<p style=\"font-size:17px\"><a href=\"https:\/\/www.reservisten-brandenburg.de\/start\/presse\/\">Presse und Kommunikation<\/a> \/\/ <a href=\"http:\/\/www.cyber-ops.de\" target=\"_blank\" rel=\"noopener noreferrer\">IT und Digitalisierung<\/a><\/p>\n\n\n\n<p><strong>Ronald Nitschke<\/strong><br>Oberstabsgefreiter d.R.<br>E-Mail: <a href=\"mailto:it&#64;reservisten-br&#97;&#110;&#100;&#101;&#110;&#98;&#117;&#114;&#103;&#46;&#100;&#101;\" target=\"_blank\" rel=\"noreferrer noopener\">&#x69;t&#x40;&#114;e&#x73;&#101;&#x72;&#118;i&#x73;&#116;&#x65;&#110;-&#x62;&#114;&#x61;&#x6e;d&#x65;&#110;b&#x75;&#114;&#x67;&#46;d&#x65;<\/a><\/p>\n<\/div><\/div>\n","protected":false},"excerpt":{"rendered":"<p>Unsere Reservistenkameradschaften und Reservistenarbeitsgemeinschaften wurden bei Bedarf durch Beratung, Schulung und die Bereitstellung von IT-Services unterst\u00fctzt. So haben grunds\u00e4tzlich alle Gliederungen der Landesgruppe die M\u00f6glichkeit eine eigene Unter-Webseite zu nutzen [&hellip;]<\/p>\n","protected":false},"author":12,"featured_media":30,"parent":55,"menu_order":0,"comment_status":"closed","ping_status":"closed","template":"","meta":{"footnotes":""},"class_list":["post-237","page","type-page","status-publish","has-post-thumbnail","hentry"],"yoast_head":"<!-- This site is optimized with the Yoast SEO plugin v27.4 - https:\/\/yoast.com\/product\/yoast-seo-wordpress\/ -->\n<title>Internetseite f\u00fcr die Reservistenkameradschaften - Die Reserve vor Ort<\/title>\n<meta name=\"robots\" content=\"index, follow, max-snippet:-1, max-image-preview:large, max-video-preview:-1\" \/>\n<link rel=\"canonical\" href=\"https:\/\/www.reservisten-brandenburg.de\/reservistenkameradschaften\/informationen\/internetseite\/\" \/>\n<meta property=\"og:locale\" content=\"de_DE\" \/>\n<meta property=\"og:type\" content=\"article\" \/>\n<meta property=\"og:title\" content=\"Internetseite f\u00fcr die Reservistenkameradschaften - Die Reserve vor Ort\" \/>\n<meta property=\"og:description\" content=\"Unsere Reservistenkameradschaften und Reservistenarbeitsgemeinschaften wurden bei Bedarf durch Beratung, Schulung und die Bereitstellung von IT-Services unterst\u00fctzt. So haben grunds\u00e4tzlich alle Gliederungen der Landesgruppe die M\u00f6glichkeit eine eigene Unter-Webseite zu nutzen [&hellip;]\" \/>\n<meta property=\"og:url\" content=\"https:\/\/www.reservisten-brandenburg.de\/reservistenkameradschaften\/informationen\/internetseite\/\" \/>\n<meta property=\"og:site_name\" content=\"Die Reserve vor Ort\" \/>\n<meta property=\"article:publisher\" content=\"https:\/\/www.facebook.com\/reservisten.brandenburg\/\" \/>\n<meta property=\"article:modified_time\" content=\"2021-01-08T10:20:21+00:00\" \/>\n<meta property=\"og:image\" content=\"https:\/\/www.reservisten-brandenburg.de\/reservistenkameradschaften\/wp-content\/uploads\/sites\/9\/2020\/03\/Landesgruppe_Brandenburg.jpg\" \/>\n\t<meta property=\"og:image:width\" content=\"1600\" \/>\n\t<meta property=\"og:image:height\" content=\"900\" \/>\n\t<meta property=\"og:image:type\" content=\"image\/jpeg\" \/>\n<meta name=\"twitter:card\" content=\"summary_large_image\" \/>\n<meta name=\"twitter:site\" content=\"@ResBrandenburg\" \/>\n<meta name=\"twitter:label1\" content=\"Gesch\u00e4tzte Lesezeit\" \/>\n\t<meta name=\"twitter:data1\" content=\"3\u00a0Minuten\" \/>\n<script type=\"application\/ld+json\" class=\"yoast-schema-graph\">{\"@context\":\"https:\\\/\\\/schema.org\",\"@graph\":[{\"@type\":\"WebPage\",\"@id\":\"https:\\\/\\\/www.reservisten-brandenburg.de\\\/reservistenkameradschaften\\\/informationen\\\/internetseite\\\/\",\"url\":\"https:\\\/\\\/www.reservisten-brandenburg.de\\\/reservistenkameradschaften\\\/informationen\\\/internetseite\\\/\",\"name\":\"Internetseite f\u00fcr die Reservistenkameradschaften - Die Reserve vor Ort\",\"isPartOf\":{\"@id\":\"https:\\\/\\\/www.reservisten-brandenburg.de\\\/reservistenkameradschaften\\\/#website\"},\"primaryImageOfPage\":{\"@id\":\"https:\\\/\\\/www.reservisten-brandenburg.de\\\/reservistenkameradschaften\\\/informationen\\\/internetseite\\\/#primaryimage\"},\"image\":{\"@id\":\"https:\\\/\\\/www.reservisten-brandenburg.de\\\/reservistenkameradschaften\\\/informationen\\\/internetseite\\\/#primaryimage\"},\"thumbnailUrl\":\"https:\\\/\\\/www.reservisten-brandenburg.de\\\/reservistenkameradschaften\\\/wp-content\\\/uploads\\\/sites\\\/9\\\/2020\\\/03\\\/Landesgruppe_Brandenburg.jpg\",\"datePublished\":\"2020-12-08T22:35:40+00:00\",\"dateModified\":\"2021-01-08T10:20:21+00:00\",\"breadcrumb\":{\"@id\":\"https:\\\/\\\/www.reservisten-brandenburg.de\\\/reservistenkameradschaften\\\/informationen\\\/internetseite\\\/#breadcrumb\"},\"inLanguage\":\"de\",\"potentialAction\":[{\"@type\":\"ReadAction\",\"target\":[\"https:\\\/\\\/www.reservisten-brandenburg.de\\\/reservistenkameradschaften\\\/informationen\\\/internetseite\\\/\"]}]},{\"@type\":\"ImageObject\",\"inLanguage\":\"de\",\"@id\":\"https:\\\/\\\/www.reservisten-brandenburg.de\\\/reservistenkameradschaften\\\/informationen\\\/internetseite\\\/#primaryimage\",\"url\":\"https:\\\/\\\/www.reservisten-brandenburg.de\\\/reservistenkameradschaften\\\/wp-content\\\/uploads\\\/sites\\\/9\\\/2020\\\/03\\\/Landesgruppe_Brandenburg.jpg\",\"contentUrl\":\"https:\\\/\\\/www.reservisten-brandenburg.de\\\/reservistenkameradschaften\\\/wp-content\\\/uploads\\\/sites\\\/9\\\/2020\\\/03\\\/Landesgruppe_Brandenburg.jpg\",\"width\":1600,\"height\":900},{\"@type\":\"BreadcrumbList\",\"@id\":\"https:\\\/\\\/www.reservisten-brandenburg.de\\\/reservistenkameradschaften\\\/informationen\\\/internetseite\\\/#breadcrumb\",\"itemListElement\":[{\"@type\":\"ListItem\",\"position\":1,\"name\":\"Startseite\",\"item\":\"https:\\\/\\\/www.reservisten-brandenburg.de\\\/reservistenkameradschaften\\\/\"},{\"@type\":\"ListItem\",\"position\":2,\"name\":\"Arbeitshilfe f\u00fcr RK-Vorst\u00e4nde\",\"item\":\"https:\\\/\\\/www.reservisten-brandenburg.de\\\/reservistenkameradschaften\\\/informationen\\\/\"},{\"@type\":\"ListItem\",\"position\":3,\"name\":\"Internetseite f\u00fcr die Reservistenkameradschaften\"}]},{\"@type\":\"WebSite\",\"@id\":\"https:\\\/\\\/www.reservisten-brandenburg.de\\\/reservistenkameradschaften\\\/#website\",\"url\":\"https:\\\/\\\/www.reservisten-brandenburg.de\\\/reservistenkameradschaften\\\/\",\"name\":\"Die Reserve vor Ort\",\"description\":\"Eine weitere Reservistenverband Brandenburg - Websites Website\",\"publisher\":{\"@id\":\"https:\\\/\\\/www.reservisten-brandenburg.de\\\/reservistenkameradschaften\\\/#organization\"},\"potentialAction\":[{\"@type\":\"SearchAction\",\"target\":{\"@type\":\"EntryPoint\",\"urlTemplate\":\"https:\\\/\\\/www.reservisten-brandenburg.de\\\/reservistenkameradschaften\\\/?s={search_term_string}\"},\"query-input\":{\"@type\":\"PropertyValueSpecification\",\"valueRequired\":true,\"valueName\":\"search_term_string\"}}],\"inLanguage\":\"de\"},{\"@type\":\"Organization\",\"@id\":\"https:\\\/\\\/www.reservisten-brandenburg.de\\\/reservistenkameradschaften\\\/#organization\",\"name\":\"Reservistenverband Brandenburg\",\"url\":\"https:\\\/\\\/www.reservisten-brandenburg.de\\\/reservistenkameradschaften\\\/\",\"logo\":{\"@type\":\"ImageObject\",\"inLanguage\":\"de\",\"@id\":\"https:\\\/\\\/www.reservisten-brandenburg.de\\\/reservistenkameradschaften\\\/#\\\/schema\\\/logo\\\/image\\\/\",\"url\":\"\",\"contentUrl\":\"\",\"caption\":\"Reservistenverband Brandenburg\"},\"image\":{\"@id\":\"https:\\\/\\\/www.reservisten-brandenburg.de\\\/reservistenkameradschaften\\\/#\\\/schema\\\/logo\\\/image\\\/\"},\"sameAs\":[\"https:\\\/\\\/www.facebook.com\\\/reservisten.brandenburg\\\/\",\"https:\\\/\\\/x.com\\\/ResBrandenburg\",\"https:\\\/\\\/www.youtube.com\\\/channel\\\/UC30IySNYu79rnI6_89Sdf_A\",\"https:\\\/\\\/de.wikipedia.org\\\/wiki\\\/Verband_der_Reservisten_der_Deutschen_Bundeswehr\"]}]}<\/script>\n<!-- \/ Yoast SEO plugin. -->","yoast_head_json":{"title":"Internetseite f\u00fcr die Reservistenkameradschaften - Die Reserve vor Ort","robots":{"index":"index","follow":"follow","max-snippet":"max-snippet:-1","max-image-preview":"max-image-preview:large","max-video-preview":"max-video-preview:-1"},"canonical":"https:\/\/www.reservisten-brandenburg.de\/reservistenkameradschaften\/informationen\/internetseite\/","og_locale":"de_DE","og_type":"article","og_title":"Internetseite f\u00fcr die Reservistenkameradschaften - Die Reserve vor Ort","og_description":"Unsere Reservistenkameradschaften und Reservistenarbeitsgemeinschaften wurden bei Bedarf durch Beratung, Schulung und die Bereitstellung von IT-Services unterst\u00fctzt. So haben grunds\u00e4tzlich alle Gliederungen der Landesgruppe die M\u00f6glichkeit eine eigene Unter-Webseite zu nutzen [&hellip;]","og_url":"https:\/\/www.reservisten-brandenburg.de\/reservistenkameradschaften\/informationen\/internetseite\/","og_site_name":"Die Reserve vor Ort","article_publisher":"https:\/\/www.facebook.com\/reservisten.brandenburg\/","article_modified_time":"2021-01-08T10:20:21+00:00","og_image":[{"width":1600,"height":900,"url":"https:\/\/www.reservisten-brandenburg.de\/reservistenkameradschaften\/wp-content\/uploads\/sites\/9\/2020\/03\/Landesgruppe_Brandenburg.jpg","type":"image\/jpeg"}],"twitter_card":"summary_large_image","twitter_site":"@ResBrandenburg","twitter_misc":{"Gesch\u00e4tzte Lesezeit":"3\u00a0Minuten"},"schema":{"@context":"https:\/\/schema.org","@graph":[{"@type":"WebPage","@id":"https:\/\/www.reservisten-brandenburg.de\/reservistenkameradschaften\/informationen\/internetseite\/","url":"https:\/\/www.reservisten-brandenburg.de\/reservistenkameradschaften\/informationen\/internetseite\/","name":"Internetseite f\u00fcr die Reservistenkameradschaften - Die Reserve vor Ort","isPartOf":{"@id":"https:\/\/www.reservisten-brandenburg.de\/reservistenkameradschaften\/#website"},"primaryImageOfPage":{"@id":"https:\/\/www.reservisten-brandenburg.de\/reservistenkameradschaften\/informationen\/internetseite\/#primaryimage"},"image":{"@id":"https:\/\/www.reservisten-brandenburg.de\/reservistenkameradschaften\/informationen\/internetseite\/#primaryimage"},"thumbnailUrl":"https:\/\/www.reservisten-brandenburg.de\/reservistenkameradschaften\/wp-content\/uploads\/sites\/9\/2020\/03\/Landesgruppe_Brandenburg.jpg","datePublished":"2020-12-08T22:35:40+00:00","dateModified":"2021-01-08T10:20:21+00:00","breadcrumb":{"@id":"https:\/\/www.reservisten-brandenburg.de\/reservistenkameradschaften\/informationen\/internetseite\/#breadcrumb"},"inLanguage":"de","potentialAction":[{"@type":"ReadAction","target":["https:\/\/www.reservisten-brandenburg.de\/reservistenkameradschaften\/informationen\/internetseite\/"]}]},{"@type":"ImageObject","inLanguage":"de","@id":"https:\/\/www.reservisten-brandenburg.de\/reservistenkameradschaften\/informationen\/internetseite\/#primaryimage","url":"https:\/\/www.reservisten-brandenburg.de\/reservistenkameradschaften\/wp-content\/uploads\/sites\/9\/2020\/03\/Landesgruppe_Brandenburg.jpg","contentUrl":"https:\/\/www.reservisten-brandenburg.de\/reservistenkameradschaften\/wp-content\/uploads\/sites\/9\/2020\/03\/Landesgruppe_Brandenburg.jpg","width":1600,"height":900},{"@type":"BreadcrumbList","@id":"https:\/\/www.reservisten-brandenburg.de\/reservistenkameradschaften\/informationen\/internetseite\/#breadcrumb","itemListElement":[{"@type":"ListItem","position":1,"name":"Startseite","item":"https:\/\/www.reservisten-brandenburg.de\/reservistenkameradschaften\/"},{"@type":"ListItem","position":2,"name":"Arbeitshilfe f\u00fcr RK-Vorst\u00e4nde","item":"https:\/\/www.reservisten-brandenburg.de\/reservistenkameradschaften\/informationen\/"},{"@type":"ListItem","position":3,"name":"Internetseite f\u00fcr die Reservistenkameradschaften"}]},{"@type":"WebSite","@id":"https:\/\/www.reservisten-brandenburg.de\/reservistenkameradschaften\/#website","url":"https:\/\/www.reservisten-brandenburg.de\/reservistenkameradschaften\/","name":"Die Reserve vor Ort","description":"Eine weitere Reservistenverband Brandenburg - Websites Website","publisher":{"@id":"https:\/\/www.reservisten-brandenburg.de\/reservistenkameradschaften\/#organization"},"potentialAction":[{"@type":"SearchAction","target":{"@type":"EntryPoint","urlTemplate":"https:\/\/www.reservisten-brandenburg.de\/reservistenkameradschaften\/?s={search_term_string}"},"query-input":{"@type":"PropertyValueSpecification","valueRequired":true,"valueName":"search_term_string"}}],"inLanguage":"de"},{"@type":"Organization","@id":"https:\/\/www.reservisten-brandenburg.de\/reservistenkameradschaften\/#organization","name":"Reservistenverband Brandenburg","url":"https:\/\/www.reservisten-brandenburg.de\/reservistenkameradschaften\/","logo":{"@type":"ImageObject","inLanguage":"de","@id":"https:\/\/www.reservisten-brandenburg.de\/reservistenkameradschaften\/#\/schema\/logo\/image\/","url":"","contentUrl":"","caption":"Reservistenverband Brandenburg"},"image":{"@id":"https:\/\/www.reservisten-brandenburg.de\/reservistenkameradschaften\/#\/schema\/logo\/image\/"},"sameAs":["https:\/\/www.facebook.com\/reservisten.brandenburg\/","https:\/\/x.com\/ResBrandenburg","https:\/\/www.youtube.com\/channel\/UC30IySNYu79rnI6_89Sdf_A","https:\/\/de.wikipedia.org\/wiki\/Verband_der_Reservisten_der_Deutschen_Bundeswehr"]}]}},"_links":{"self":[{"href":"https:\/\/www.reservisten-brandenburg.de\/reservistenkameradschaften\/wp-json\/wp\/v2\/pages\/237","targetHints":{"allow":["GET"]}}],"collection":[{"href":"https:\/\/www.reservisten-brandenburg.de\/reservistenkameradschaften\/wp-json\/wp\/v2\/pages"}],"about":[{"href":"https:\/\/www.reservisten-brandenburg.de\/reservistenkameradschaften\/wp-json\/wp\/v2\/types\/page"}],"author":[{"embeddable":true,"href":"https:\/\/www.reservisten-brandenburg.de\/reservistenkameradschaften\/wp-json\/wp\/v2\/users\/12"}],"replies":[{"embeddable":true,"href":"https:\/\/www.reservisten-brandenburg.de\/reservistenkameradschaften\/wp-json\/wp\/v2\/comments?post=237"}],"version-history":[{"count":0,"href":"https:\/\/www.reservisten-brandenburg.de\/reservistenkameradschaften\/wp-json\/wp\/v2\/pages\/237\/revisions"}],"up":[{"embeddable":true,"href":"https:\/\/www.reservisten-brandenburg.de\/reservistenkameradschaften\/wp-json\/wp\/v2\/pages\/55"}],"wp:featuredmedia":[{"embeddable":true,"href":"https:\/\/www.reservisten-brandenburg.de\/reservistenkameradschaften\/wp-json\/wp\/v2\/media\/30"}],"wp:attachment":[{"href":"https:\/\/www.reservisten-brandenburg.de\/reservistenkameradschaften\/wp-json\/wp\/v2\/media?parent=237"}],"curies":[{"name":"wp","href":"https:\/\/api.w.org\/{rel}","templated":true}]}}