{"id":8854,"date":"2025-04-21T11:22:58","date_gmt":"2025-04-21T09:22:58","guid":{"rendered":"https:\/\/www.reservisten-brandenburg.de\/potsdam\/?post_type=tribe_events&#038;p=8854"},"modified":"2026-04-03T11:03:20","modified_gmt":"2026-04-03T09:03:20","slug":"16k3-marsch","status":"publish","type":"tribe_events","link":"https:\/\/www.reservisten-brandenburg.de\/potsdam\/event\/16k3-marsch\/","title":{"rendered":"16K3-Marsch"},"content":{"rendered":"<p>Teilnahme am\u00a0<a href=\"https:\/\/cafe-viereck.de\/spendenaktionen\/16k3-spendenmarsch\/\" target=\"_blank\" rel=\"noopener\">16K3 Gedenkmarsch<\/a>\u00a0zur Erinnerung an die im\u00a0<a href=\"https:\/\/zms.bundeswehr.de\/de\/mediathek\/afghanistan-dossier-karfreitagsgefecht-5746712\" target=\"_blank\" rel=\"noopener\">Karfreitagsgefecht 2010<\/a>\u00a0gefallenen deutschen Fallschirmj\u00e4ger\u00a0<strong>Hauptfeldwebel Nils Bruns<\/strong>,\u00a0<strong>Stabsgefreiter Robert Hartert<\/strong>\u00a0und\u00a0<strong>Hauptgefreiter Martin Augustyniak<\/strong>.<\/p>\n<p>Die RK Potsdam organisiert eine Marschgruppe im Rahmen des Gedenkmarsches als VVag. F\u00fcr teilnehmende Reservisten wird eine Uniformtrageerlaubnis beantragt. Die allgemeine Uniformtrageerlaubnis (z.B. auf dem Ausweis f\u00fcr Reservisten) ist mitzuf\u00fchren. Angeh\u00f6rige und Zivilpersonen sind sehr gerne zur Teilnahme eingeladen. <em>Der Erwerb des Spendenpatches ist obligatorisch.<\/em><\/p>\n<p>Der offizielle\u00a0<strong>16K3-Marsch-Spendenpatch<\/strong> kann bei Caf\u00e9 Viereck f\u00fcr 10 Euro erworben werden. Registrierschluss bei Caf\u00e9 Viererck ist der 22. M\u00e4rz.<\/p>\n<hr \/>\n<p><span style=\"color: #800000;\">Teilt gerne diese Veranstaltung mit diesem Link:<\/span> <a href=\"https:\/\/www.rk-potsdam.com\/16k3\">https:\/\/www.rk-potsdam.com\/16k3<\/a><\/p>\n<hr \/>\n<ul>\n<li>Teilnehmer: offen, Erwerb Spendenpatch obligatorisch<\/li>\n<li>Anzug: Uniform oder zivile, zweckm\u00e4\u00dfige Bekleidung<\/li>\n<li>Bedingungen: 16 km, 16 Kg Gep\u00e4ck (oder je nach pers. Leistungsf\u00e4higkeit)<\/li>\n<\/ul>\n<hr \/>\n<ul>\n<li>Strecke: s\u00fcdliches Potsdam und umgebende Ortschaften<\/li>\n<li>Start\/Ziel: <a href=\"https:\/\/maps.app.goo.gl\/UdHQwfuB1Rej75Cz8\" target=\"_blank\" rel=\"noopener\">Zum Kirchsteigfeld, 14480 Potsdam<\/a> (Drewitz, im Bereich Porta M\u00f6belhaus)<\/li>\n<li>Abmarsch um 10 Uhr \/ ab 9 Uhr ist jemand vor Ort<\/li>\n<\/ul>\n<hr \/>\n<p>Denkt bitte daran ausreichend Wasser und witterungsangepasste Kleidung mitzunehmen.<\/p>\n","protected":false},"excerpt":{"rendered":"<p>Teilnahme am\u00a016K3 Gedenkmarsch\u00a0zur Erinnerung an die im\u00a0Karfreitagsgefecht 2010\u00a0gefallenen deutschen Fallschirmj\u00e4ger\u00a0Hauptfeldwebel Nils Bruns,\u00a0Stabsgefreiter Robert Hartert\u00a0und\u00a0Hauptgefreiter Martin Augustyniak. Die RK Potsdam organisiert eine Marschgruppe im Rahmen des Gedenkmarsches als VVag. F\u00fcr teilnehmende [&hellip;]<\/p>\n","protected":false},"author":12,"featured_media":8600,"template":"","meta":{"_tribe_events_status":"","_tribe_events_status_reason":"","footnotes":""},"tags":[],"tribe_events_cat":[189,184],"class_list":["post-8854","tribe_events","type-tribe_events","status-publish","has-post-thumbnail","hentry","tribe_events_cat-dvag-vvag-ute","tribe_events_cat-marsch","cat_dvag-vvag-ute","cat_marsch"],"yoast_head":"<!-- This site is optimized with the Yoast SEO plugin v27.5 - https:\/\/yoast.com\/product\/yoast-seo-wordpress\/ -->\n<title>16K3-Marsch - Reservistenkameradschaft Potsdam<\/title>\n<meta name=\"robots\" content=\"index, follow, max-snippet:-1, max-image-preview:large, max-video-preview:-1\" \/>\n<link rel=\"canonical\" href=\"https:\/\/www.reservisten-brandenburg.de\/potsdam\/event\/16k3-marsch\/\" \/>\n<meta property=\"og:locale\" content=\"de_DE\" \/>\n<meta property=\"og:type\" content=\"article\" \/>\n<meta property=\"og:title\" content=\"16K3-Marsch - Reservistenkameradschaft Potsdam\" \/>\n<meta property=\"og:description\" content=\"Teilnahme am\u00a016K3 Gedenkmarsch\u00a0zur Erinnerung an die im\u00a0Karfreitagsgefecht 2010\u00a0gefallenen deutschen Fallschirmj\u00e4ger\u00a0Hauptfeldwebel Nils Bruns,\u00a0Stabsgefreiter Robert Hartert\u00a0und\u00a0Hauptgefreiter Martin Augustyniak. Die RK Potsdam organisiert eine Marschgruppe im Rahmen des Gedenkmarsches als VVag. F\u00fcr teilnehmende [&hellip;]\" \/>\n<meta property=\"og:url\" content=\"https:\/\/www.reservisten-brandenburg.de\/potsdam\/event\/16k3-marsch\/\" \/>\n<meta property=\"og:site_name\" content=\"Reservistenkameradschaft Potsdam\" \/>\n<meta property=\"article:publisher\" content=\"https:\/\/www.facebook.com\/rk.grosser.kurfuerst\/\" \/>\n<meta property=\"article:modified_time\" content=\"2026-04-03T09:03:20+00:00\" \/>\n<meta property=\"og:image\" content=\"https:\/\/www.reservisten-brandenburg.de\/potsdam\/wp-content\/uploads\/sites\/3\/2024\/03\/2024-14K3-Marsch.jpg\" \/>\n\t<meta property=\"og:image:width\" content=\"1600\" \/>\n\t<meta property=\"og:image:height\" content=\"900\" \/>\n\t<meta property=\"og:image:type\" content=\"image\/jpeg\" \/>\n<meta name=\"twitter:card\" content=\"summary_large_image\" \/>\n<meta name=\"twitter:site\" content=\"@ResPotsdam\" \/>\n<meta name=\"twitter:label1\" content=\"Gesch\u00e4tzte Lesezeit\" \/>\n\t<meta name=\"twitter:data1\" content=\"2\u00a0Minuten\" \/>\n<script type=\"application\/ld+json\" class=\"yoast-schema-graph\">{\"@context\":\"https:\\\/\\\/schema.org\",\"@graph\":[{\"@type\":\"WebPage\",\"@id\":\"https:\\\/\\\/www.reservisten-brandenburg.de\\\/potsdam\\\/event\\\/16k3-marsch\\\/\",\"url\":\"https:\\\/\\\/www.reservisten-brandenburg.de\\\/potsdam\\\/event\\\/16k3-marsch\\\/\",\"name\":\"16K3-Marsch - Reservistenkameradschaft Potsdam\",\"isPartOf\":{\"@id\":\"https:\\\/\\\/www.reservisten-brandenburg.de\\\/potsdam\\\/#website\"},\"primaryImageOfPage\":{\"@id\":\"https:\\\/\\\/www.reservisten-brandenburg.de\\\/potsdam\\\/event\\\/16k3-marsch\\\/#primaryimage\"},\"image\":{\"@id\":\"https:\\\/\\\/www.reservisten-brandenburg.de\\\/potsdam\\\/event\\\/16k3-marsch\\\/#primaryimage\"},\"thumbnailUrl\":\"https:\\\/\\\/www.reservisten-brandenburg.de\\\/potsdam\\\/wp-content\\\/uploads\\\/sites\\\/3\\\/2024\\\/03\\\/2024-14K3-Marsch.jpg\",\"datePublished\":\"2025-04-21T09:22:58+00:00\",\"dateModified\":\"2026-04-03T09:03:20+00:00\",\"breadcrumb\":{\"@id\":\"https:\\\/\\\/www.reservisten-brandenburg.de\\\/potsdam\\\/event\\\/16k3-marsch\\\/#breadcrumb\"},\"inLanguage\":\"de\",\"potentialAction\":[{\"@type\":\"ReadAction\",\"target\":[\"https:\\\/\\\/www.reservisten-brandenburg.de\\\/potsdam\\\/event\\\/16k3-marsch\\\/\"]}]},{\"@type\":\"ImageObject\",\"inLanguage\":\"de\",\"@id\":\"https:\\\/\\\/www.reservisten-brandenburg.de\\\/potsdam\\\/event\\\/16k3-marsch\\\/#primaryimage\",\"url\":\"https:\\\/\\\/www.reservisten-brandenburg.de\\\/potsdam\\\/wp-content\\\/uploads\\\/sites\\\/3\\\/2024\\\/03\\\/2024-14K3-Marsch.jpg\",\"contentUrl\":\"https:\\\/\\\/www.reservisten-brandenburg.de\\\/potsdam\\\/wp-content\\\/uploads\\\/sites\\\/3\\\/2024\\\/03\\\/2024-14K3-Marsch.jpg\",\"width\":1600,\"height\":900,\"caption\":\"Marschflagge und Spendenpatches des 14K3-Marsches und das Wappen der RK Potsdam. Foto: Ronald Nitschke\"},{\"@type\":\"BreadcrumbList\",\"@id\":\"https:\\\/\\\/www.reservisten-brandenburg.de\\\/potsdam\\\/event\\\/16k3-marsch\\\/#breadcrumb\",\"itemListElement\":[{\"@type\":\"ListItem\",\"position\":1,\"name\":\"Startseite\",\"item\":\"https:\\\/\\\/www.reservisten-brandenburg.de\\\/potsdam\\\/\"},{\"@type\":\"ListItem\",\"position\":2,\"name\":\"Veranstaltungen\",\"item\":\"https:\\\/\\\/www.reservisten-brandenburg.de\\\/potsdam\\\/events\\\/\"},{\"@type\":\"ListItem\",\"position\":3,\"name\":\"16K3-Marsch\"}]},{\"@type\":\"WebSite\",\"@id\":\"https:\\\/\\\/www.reservisten-brandenburg.de\\\/potsdam\\\/#website\",\"url\":\"https:\\\/\\\/www.reservisten-brandenburg.de\\\/potsdam\\\/\",\"name\":\"Reservistenkameradschaft Potsdam\",\"description\":\"Die Reserve in Potsdam\",\"potentialAction\":[{\"@type\":\"SearchAction\",\"target\":{\"@type\":\"EntryPoint\",\"urlTemplate\":\"https:\\\/\\\/www.reservisten-brandenburg.de\\\/potsdam\\\/?s={search_term_string}\"},\"query-input\":{\"@type\":\"PropertyValueSpecification\",\"valueRequired\":true,\"valueName\":\"search_term_string\"}}],\"inLanguage\":\"de\"}]}<\/script>\n<!-- \/ Yoast SEO plugin. -->","yoast_head_json":{"title":"16K3-Marsch - Reservistenkameradschaft Potsdam","robots":{"index":"index","follow":"follow","max-snippet":"max-snippet:-1","max-image-preview":"max-image-preview:large","max-video-preview":"max-video-preview:-1"},"canonical":"https:\/\/www.reservisten-brandenburg.de\/potsdam\/event\/16k3-marsch\/","og_locale":"de_DE","og_type":"article","og_title":"16K3-Marsch - Reservistenkameradschaft Potsdam","og_description":"Teilnahme am\u00a016K3 Gedenkmarsch\u00a0zur Erinnerung an die im\u00a0Karfreitagsgefecht 2010\u00a0gefallenen deutschen Fallschirmj\u00e4ger\u00a0Hauptfeldwebel Nils Bruns,\u00a0Stabsgefreiter Robert Hartert\u00a0und\u00a0Hauptgefreiter Martin Augustyniak. Die RK Potsdam organisiert eine Marschgruppe im Rahmen des Gedenkmarsches als VVag. F\u00fcr teilnehmende [&hellip;]","og_url":"https:\/\/www.reservisten-brandenburg.de\/potsdam\/event\/16k3-marsch\/","og_site_name":"Reservistenkameradschaft Potsdam","article_publisher":"https:\/\/www.facebook.com\/rk.grosser.kurfuerst\/","article_modified_time":"2026-04-03T09:03:20+00:00","og_image":[{"width":1600,"height":900,"url":"https:\/\/www.reservisten-brandenburg.de\/potsdam\/wp-content\/uploads\/sites\/3\/2024\/03\/2024-14K3-Marsch.jpg","type":"image\/jpeg"}],"twitter_card":"summary_large_image","twitter_site":"@ResPotsdam","twitter_misc":{"Gesch\u00e4tzte Lesezeit":"2\u00a0Minuten"},"schema":{"@context":"https:\/\/schema.org","@graph":[{"@type":"WebPage","@id":"https:\/\/www.reservisten-brandenburg.de\/potsdam\/event\/16k3-marsch\/","url":"https:\/\/www.reservisten-brandenburg.de\/potsdam\/event\/16k3-marsch\/","name":"16K3-Marsch - Reservistenkameradschaft Potsdam","isPartOf":{"@id":"https:\/\/www.reservisten-brandenburg.de\/potsdam\/#website"},"primaryImageOfPage":{"@id":"https:\/\/www.reservisten-brandenburg.de\/potsdam\/event\/16k3-marsch\/#primaryimage"},"image":{"@id":"https:\/\/www.reservisten-brandenburg.de\/potsdam\/event\/16k3-marsch\/#primaryimage"},"thumbnailUrl":"https:\/\/www.reservisten-brandenburg.de\/potsdam\/wp-content\/uploads\/sites\/3\/2024\/03\/2024-14K3-Marsch.jpg","datePublished":"2025-04-21T09:22:58+00:00","dateModified":"2026-04-03T09:03:20+00:00","breadcrumb":{"@id":"https:\/\/www.reservisten-brandenburg.de\/potsdam\/event\/16k3-marsch\/#breadcrumb"},"inLanguage":"de","potentialAction":[{"@type":"ReadAction","target":["https:\/\/www.reservisten-brandenburg.de\/potsdam\/event\/16k3-marsch\/"]}]},{"@type":"ImageObject","inLanguage":"de","@id":"https:\/\/www.reservisten-brandenburg.de\/potsdam\/event\/16k3-marsch\/#primaryimage","url":"https:\/\/www.reservisten-brandenburg.de\/potsdam\/wp-content\/uploads\/sites\/3\/2024\/03\/2024-14K3-Marsch.jpg","contentUrl":"https:\/\/www.reservisten-brandenburg.de\/potsdam\/wp-content\/uploads\/sites\/3\/2024\/03\/2024-14K3-Marsch.jpg","width":1600,"height":900,"caption":"Marschflagge und Spendenpatches des 14K3-Marsches und das Wappen der RK Potsdam. Foto: Ronald Nitschke"},{"@type":"BreadcrumbList","@id":"https:\/\/www.reservisten-brandenburg.de\/potsdam\/event\/16k3-marsch\/#breadcrumb","itemListElement":[{"@type":"ListItem","position":1,"name":"Startseite","item":"https:\/\/www.reservisten-brandenburg.de\/potsdam\/"},{"@type":"ListItem","position":2,"name":"Veranstaltungen","item":"https:\/\/www.reservisten-brandenburg.de\/potsdam\/events\/"},{"@type":"ListItem","position":3,"name":"16K3-Marsch"}]},{"@type":"WebSite","@id":"https:\/\/www.reservisten-brandenburg.de\/potsdam\/#website","url":"https:\/\/www.reservisten-brandenburg.de\/potsdam\/","name":"Reservistenkameradschaft Potsdam","description":"Die Reserve in Potsdam","potentialAction":[{"@type":"SearchAction","target":{"@type":"EntryPoint","urlTemplate":"https:\/\/www.reservisten-brandenburg.de\/potsdam\/?s={search_term_string}"},"query-input":{"@type":"PropertyValueSpecification","valueRequired":true,"valueName":"search_term_string"}}],"inLanguage":"de"}]}},"_links":{"self":[{"href":"https:\/\/www.reservisten-brandenburg.de\/potsdam\/wp-json\/wp\/v2\/tribe_events\/8854","targetHints":{"allow":["GET"]}}],"collection":[{"href":"https:\/\/www.reservisten-brandenburg.de\/potsdam\/wp-json\/wp\/v2\/tribe_events"}],"about":[{"href":"https:\/\/www.reservisten-brandenburg.de\/potsdam\/wp-json\/wp\/v2\/types\/tribe_events"}],"author":[{"embeddable":true,"href":"https:\/\/www.reservisten-brandenburg.de\/potsdam\/wp-json\/wp\/v2\/users\/12"}],"version-history":[{"count":6,"href":"https:\/\/www.reservisten-brandenburg.de\/potsdam\/wp-json\/wp\/v2\/tribe_events\/8854\/revisions"}],"predecessor-version":[{"id":9032,"href":"https:\/\/www.reservisten-brandenburg.de\/potsdam\/wp-json\/wp\/v2\/tribe_events\/8854\/revisions\/9032"}],"wp:featuredmedia":[{"embeddable":true,"href":"https:\/\/www.reservisten-brandenburg.de\/potsdam\/wp-json\/wp\/v2\/media\/8600"}],"wp:attachment":[{"href":"https:\/\/www.reservisten-brandenburg.de\/potsdam\/wp-json\/wp\/v2\/media?parent=8854"}],"wp:term":[{"taxonomy":"post_tag","embeddable":true,"href":"https:\/\/www.reservisten-brandenburg.de\/potsdam\/wp-json\/wp\/v2\/tags?post=8854"},{"taxonomy":"tribe_events_cat","embeddable":true,"href":"https:\/\/www.reservisten-brandenburg.de\/potsdam\/wp-json\/wp\/v2\/tribe_events_cat?post=8854"}],"curies":[{"name":"wp","href":"https:\/\/api.w.org\/{rel}","templated":true}]}}