{"id":7147,"date":"2020-03-20T03:03:24","date_gmt":"2020-03-20T02:03:24","guid":{"rendered":"https:\/\/www.reservisten-brandenburg.de\/potsdam\/?page_id=7147"},"modified":"2023-07-26T00:52:15","modified_gmt":"2023-07-25T22:52:15","slug":"intern","status":"publish","type":"page","link":"https:\/\/www.reservisten-brandenburg.de\/potsdam\/intern\/","title":{"rendered":"Interner Bereich"},"content":{"rendered":"\n<p>Im internen Bereich erhaltet Ihr weitere Informationen und M\u00f6glichkeiten zum gegenseitigen Austausch. Als Mitglied der Reservistenkameradschaft Potsdam k\u00f6nnt Ihr Euch auf dieser Seite anmelden. Anschlie\u00dfend werdet Ihr f\u00fcr weitere interne Bereiche freigeschaltet. <\/p>\n\n\n\n<h5 class=\"wp-block-heading\">Downloads<\/h5>\n\n\n\n<p>Im <a href=\"https:\/\/www.reservisten-brandenburg.de\/intern\/downloads\/\" target=\"_blank\" rel=\"noreferrer noopener\" aria-label=\" (\u00f6ffnet in neuem Tab)\">Downloadbereich der Landesgruppe<\/a> findet Ihr u.a. Formulare f\u00fcr Dienstliche Veranstaltungen und Reservedienste bei der <a rel=\"noreferrer noopener\" aria-label=\"Bundeswehr (\u00f6ffnet in neuem Tab)\" href=\"http:\/\/www.bundeswehr.de\" target=\"_blank\">Bundeswehr<\/a>. Au\u00dferdem sind dort nichteingestufte Dienstvorschriften und Weisungen der Bundeswehr rund um die Ausbildung in der Reserve abgelegt.<\/p>\n\n\n\n<h5 class=\"wp-block-heading\">Forum und Community<\/h5>\n\n\n\n<p>Im <a href=\"https:\/\/www.reservisten-brandenburg.de\/intern\/forum\/\">Forum<\/a> habt Ihr die M\u00f6glichkeit Euch \u00fcber Themen der Reserve und der Bundeswehr auszutauschen. Im <a href=\"\/members\/\">Mitglieder-Bereich<\/a> k\u00f6nnt Ihr Euer Profil pflegen und andere Mitglieder suchen. Weitere Funktionen werden bei Bedarf und Interesse erg\u00e4nzt. Diskutiert dazu einfach Eure W\u00fcnsche und Ideen im Forum.<\/p>\n\n\n\n<p>Diese Bereiche sind nur f\u00fcr Mitglieder der Landesgruppe zug\u00e4nglich. Hier k\u00f6nnt Ihr Euch auf unserer Seite anmelden: <a href=\"\/register\/\">Registrieren<\/a>. Wer noch nicht Mitglied ist, kann sich <a href=\"https:\/\/www.reservisten-brandenburg.de\/intern\/mitglied-werden\/\">hier informieren<\/a>.<\/p>\n\n\n\n<h5 class=\"wp-block-heading\">Vorteile f\u00fcr Mitglieder der Landesgruppe Brandenburg<\/h5>\n\n\n\n<ul class=\"wp-block-list\">\n<li>Vollen Zugriff auf den <a href=\"https:\/\/www.reservisten-brandenburg.de\/intern\/downloads\/\">allgemeinen Downloadbereich<\/a>*<\/li>\n\n\n\n<li>Einblick in die Liste der angemeldeten Teilnehmer bei <a href=\"\/events\/\">Veranstaltungen<\/a><\/li>\n\n\n\n<li>Exklusiven Zugriff auf die <a href=\"\/members\/\">Mitglieder\u00fcbersicht<\/a><\/li>\n\n\n\n<li>Exklusiven Zugriff auf <a href=\"https:\/\/www.reservisten-brandenburg.de\/militaerische-ausbildung\/ausbildungsunterlagen\/\">Ausbildungsunterlagen<\/a><\/li>\n\n\n\n<li>Exklusiven Zugriff auf das <a href=\"https:\/\/www.reservisten-brandenburg.de\/intern\/brandenburg-in-der-loyal\/\" target=\"_blank\" rel=\"noreferrer noopener\" aria-label=\" (\u00f6ffnet in neuem Tab)\">Loyal-Archiv der Brandenburg-Seite<\/a><\/li>\n\n\n\n<li>\u00dcbersicht \u00fcber die <a href=\"https:\/\/www.reservisten-brandenburg.de\/interner-bereich-mitglieder-der-landesgruppe-brandenburg\/veranstaltungsanmeldungen\/\">Anmeldungen zu Veranstaltungen<\/a>*<\/li>\n<\/ul>\n\n\n\n<p class=\"has-small-font-size\">*) Angemeldete User, die nicht als Mitglied der Landesgruppe Brandenburg verifiziert worden sind, haben auf diese Bereiche begrenzten Zugriff.<\/p>\n\n\n\n<p>Die Pr\u00fcfung der Zugeh\u00f6rigkeit zur Reservistenkameradschaft Potsdam erfolgt in jedem Einzelfall manuell. Die Freischaltung kann daher auch einige Stunden oder Tage dauern, da die Betreuung dieser Seite komplett ehreanamtlich geschieht. Solltet Ihr das Gef\u00fchl haben, dass dies untergegangen ist, meldet Euch im Forum. Dort gibt es einen entsprechenden Bereich. Auf diesen k\u00f6nnen auch nicht verifizierte Mitglieder zugreifen.<\/p>\n","protected":false},"excerpt":{"rendered":"<p>Im internen Bereich erhaltet Ihr weitere Informationen und M\u00f6glichkeiten zum gegenseitigen Austausch. Als Mitglied der Reservistenkameradschaft Potsdam k\u00f6nnt Ihr Euch auf dieser Seite anmelden. Anschlie\u00dfend werdet Ihr f\u00fcr weitere interne [&hellip;]<\/p>\n","protected":false},"author":12,"featured_media":55,"parent":0,"menu_order":0,"comment_status":"closed","ping_status":"closed","template":"","meta":{"footnotes":""},"class_list":["post-7147","page","type-page","status-publish","has-post-thumbnail","hentry"],"yoast_head":"<!-- This site is optimized with the Yoast SEO plugin v27.5 - https:\/\/yoast.com\/product\/yoast-seo-wordpress\/ -->\n<title>Interner Bereich - Reservistenkameradschaft Potsdam<\/title>\n<meta name=\"description\" content=\"Im internen Bereich erh\u00e4lst Du als Reservist und Mitglied der Reservistenkameradschaft Potsdam Zugriff auf exklusive Inhalte und Informationen.\" \/>\n<meta name=\"robots\" content=\"index, follow, max-snippet:-1, max-image-preview:large, max-video-preview:-1\" \/>\n<link rel=\"canonical\" href=\"https:\/\/www.reservisten-brandenburg.de\/interner-bereich-mitglieder-der-landesgruppe-brandenburg\/\" \/>\n<meta property=\"og:locale\" content=\"de_DE\" \/>\n<meta property=\"og:type\" content=\"article\" \/>\n<meta property=\"og:title\" content=\"Interner Bereich - Reservistenkameradschaft Potsdam\" \/>\n<meta property=\"og:description\" content=\"Im internen Bereich erh\u00e4lst Du als Reservist und Mitglied der Reservistenkameradschaft Potsdam Zugriff auf exklusive Inhalte und Informationen.\" \/>\n<meta property=\"og:url\" content=\"https:\/\/www.reservisten-brandenburg.de\/interner-bereich-mitglieder-der-landesgruppe-brandenburg\/\" \/>\n<meta property=\"og:site_name\" content=\"Reservistenkameradschaft Potsdam\" \/>\n<meta property=\"article:publisher\" content=\"https:\/\/www.facebook.com\/rk.grosser.kurfuerst\/\" \/>\n<meta property=\"article:modified_time\" content=\"2023-07-25T22:52:15+00:00\" \/>\n<meta property=\"og:image\" content=\"https:\/\/www.reservisten-brandenburg.de\/potsdam\/wp-content\/uploads\/sites\/3\/2020\/03\/RK-Potsdam_Logo_Lehnin_Fire.jpg\" \/>\n\t<meta property=\"og:image:width\" content=\"1600\" \/>\n\t<meta property=\"og:image:height\" content=\"900\" \/>\n\t<meta property=\"og:image:type\" content=\"image\/jpeg\" \/>\n<meta name=\"twitter:card\" content=\"summary_large_image\" \/>\n<meta name=\"twitter:site\" content=\"@ResPotsdam\" \/>\n<meta name=\"twitter:label1\" content=\"Gesch\u00e4tzte Lesezeit\" \/>\n\t<meta name=\"twitter:data1\" content=\"2\u00a0Minuten\" \/>\n<script type=\"application\/ld+json\" class=\"yoast-schema-graph\">{\"@context\":\"https:\\\/\\\/schema.org\",\"@graph\":[{\"@type\":\"WebPage\",\"@id\":\"https:\\\/\\\/www.reservisten-brandenburg.de\\\/potsdam\\\/intern\\\/\",\"url\":\"https:\\\/\\\/www.reservisten-brandenburg.de\\\/interner-bereich-mitglieder-der-landesgruppe-brandenburg\\\/\",\"name\":\"Interner Bereich - Reservistenkameradschaft Potsdam\",\"isPartOf\":{\"@id\":\"https:\\\/\\\/www.reservisten-brandenburg.de\\\/potsdam\\\/#website\"},\"primaryImageOfPage\":{\"@id\":\"https:\\\/\\\/www.reservisten-brandenburg.de\\\/interner-bereich-mitglieder-der-landesgruppe-brandenburg\\\/#primaryimage\"},\"image\":{\"@id\":\"https:\\\/\\\/www.reservisten-brandenburg.de\\\/interner-bereich-mitglieder-der-landesgruppe-brandenburg\\\/#primaryimage\"},\"thumbnailUrl\":\"https:\\\/\\\/www.reservisten-brandenburg.de\\\/potsdam\\\/wp-content\\\/uploads\\\/sites\\\/3\\\/2020\\\/03\\\/RK-Potsdam_Logo_Lehnin_Fire.jpg\",\"datePublished\":\"2020-03-20T02:03:24+00:00\",\"dateModified\":\"2023-07-25T22:52:15+00:00\",\"description\":\"Im internen Bereich erh\u00e4lst Du als Reservist und Mitglied der Reservistenkameradschaft Potsdam Zugriff auf exklusive Inhalte und Informationen.\",\"breadcrumb\":{\"@id\":\"https:\\\/\\\/www.reservisten-brandenburg.de\\\/interner-bereich-mitglieder-der-landesgruppe-brandenburg\\\/#breadcrumb\"},\"inLanguage\":\"de\",\"potentialAction\":[{\"@type\":\"ReadAction\",\"target\":[\"https:\\\/\\\/www.reservisten-brandenburg.de\\\/interner-bereich-mitglieder-der-landesgruppe-brandenburg\\\/\"]}]},{\"@type\":\"ImageObject\",\"inLanguage\":\"de\",\"@id\":\"https:\\\/\\\/www.reservisten-brandenburg.de\\\/interner-bereich-mitglieder-der-landesgruppe-brandenburg\\\/#primaryimage\",\"url\":\"https:\\\/\\\/www.reservisten-brandenburg.de\\\/potsdam\\\/wp-content\\\/uploads\\\/sites\\\/3\\\/2020\\\/03\\\/RK-Potsdam_Logo_Lehnin_Fire.jpg\",\"contentUrl\":\"https:\\\/\\\/www.reservisten-brandenburg.de\\\/potsdam\\\/wp-content\\\/uploads\\\/sites\\\/3\\\/2020\\\/03\\\/RK-Potsdam_Logo_Lehnin_Fire.jpg\",\"width\":1600,\"height\":900},{\"@type\":\"BreadcrumbList\",\"@id\":\"https:\\\/\\\/www.reservisten-brandenburg.de\\\/interner-bereich-mitglieder-der-landesgruppe-brandenburg\\\/#breadcrumb\",\"itemListElement\":[{\"@type\":\"ListItem\",\"position\":1,\"name\":\"Startseite\",\"item\":\"https:\\\/\\\/www.reservisten-brandenburg.de\\\/potsdam\\\/\"},{\"@type\":\"ListItem\",\"position\":2,\"name\":\"Interner Bereich\"}]},{\"@type\":\"WebSite\",\"@id\":\"https:\\\/\\\/www.reservisten-brandenburg.de\\\/potsdam\\\/#website\",\"url\":\"https:\\\/\\\/www.reservisten-brandenburg.de\\\/potsdam\\\/\",\"name\":\"Reservistenkameradschaft Potsdam\",\"description\":\"Die Reserve in Potsdam\",\"potentialAction\":[{\"@type\":\"SearchAction\",\"target\":{\"@type\":\"EntryPoint\",\"urlTemplate\":\"https:\\\/\\\/www.reservisten-brandenburg.de\\\/potsdam\\\/?s={search_term_string}\"},\"query-input\":{\"@type\":\"PropertyValueSpecification\",\"valueRequired\":true,\"valueName\":\"search_term_string\"}}],\"inLanguage\":\"de\"}]}<\/script>\n<!-- \/ Yoast SEO plugin. -->","yoast_head_json":{"title":"Interner Bereich - Reservistenkameradschaft Potsdam","description":"Im internen Bereich erh\u00e4lst Du als Reservist und Mitglied der Reservistenkameradschaft Potsdam Zugriff auf exklusive Inhalte und Informationen.","robots":{"index":"index","follow":"follow","max-snippet":"max-snippet:-1","max-image-preview":"max-image-preview:large","max-video-preview":"max-video-preview:-1"},"canonical":"https:\/\/www.reservisten-brandenburg.de\/interner-bereich-mitglieder-der-landesgruppe-brandenburg\/","og_locale":"de_DE","og_type":"article","og_title":"Interner Bereich - Reservistenkameradschaft Potsdam","og_description":"Im internen Bereich erh\u00e4lst Du als Reservist und Mitglied der Reservistenkameradschaft Potsdam Zugriff auf exklusive Inhalte und Informationen.","og_url":"https:\/\/www.reservisten-brandenburg.de\/interner-bereich-mitglieder-der-landesgruppe-brandenburg\/","og_site_name":"Reservistenkameradschaft Potsdam","article_publisher":"https:\/\/www.facebook.com\/rk.grosser.kurfuerst\/","article_modified_time":"2023-07-25T22:52:15+00:00","og_image":[{"width":1600,"height":900,"url":"https:\/\/www.reservisten-brandenburg.de\/potsdam\/wp-content\/uploads\/sites\/3\/2020\/03\/RK-Potsdam_Logo_Lehnin_Fire.jpg","type":"image\/jpeg"}],"twitter_card":"summary_large_image","twitter_site":"@ResPotsdam","twitter_misc":{"Gesch\u00e4tzte Lesezeit":"2\u00a0Minuten"},"schema":{"@context":"https:\/\/schema.org","@graph":[{"@type":"WebPage","@id":"https:\/\/www.reservisten-brandenburg.de\/potsdam\/intern\/","url":"https:\/\/www.reservisten-brandenburg.de\/interner-bereich-mitglieder-der-landesgruppe-brandenburg\/","name":"Interner Bereich - Reservistenkameradschaft Potsdam","isPartOf":{"@id":"https:\/\/www.reservisten-brandenburg.de\/potsdam\/#website"},"primaryImageOfPage":{"@id":"https:\/\/www.reservisten-brandenburg.de\/interner-bereich-mitglieder-der-landesgruppe-brandenburg\/#primaryimage"},"image":{"@id":"https:\/\/www.reservisten-brandenburg.de\/interner-bereich-mitglieder-der-landesgruppe-brandenburg\/#primaryimage"},"thumbnailUrl":"https:\/\/www.reservisten-brandenburg.de\/potsdam\/wp-content\/uploads\/sites\/3\/2020\/03\/RK-Potsdam_Logo_Lehnin_Fire.jpg","datePublished":"2020-03-20T02:03:24+00:00","dateModified":"2023-07-25T22:52:15+00:00","description":"Im internen Bereich erh\u00e4lst Du als Reservist und Mitglied der Reservistenkameradschaft Potsdam Zugriff auf exklusive Inhalte und Informationen.","breadcrumb":{"@id":"https:\/\/www.reservisten-brandenburg.de\/interner-bereich-mitglieder-der-landesgruppe-brandenburg\/#breadcrumb"},"inLanguage":"de","potentialAction":[{"@type":"ReadAction","target":["https:\/\/www.reservisten-brandenburg.de\/interner-bereich-mitglieder-der-landesgruppe-brandenburg\/"]}]},{"@type":"ImageObject","inLanguage":"de","@id":"https:\/\/www.reservisten-brandenburg.de\/interner-bereich-mitglieder-der-landesgruppe-brandenburg\/#primaryimage","url":"https:\/\/www.reservisten-brandenburg.de\/potsdam\/wp-content\/uploads\/sites\/3\/2020\/03\/RK-Potsdam_Logo_Lehnin_Fire.jpg","contentUrl":"https:\/\/www.reservisten-brandenburg.de\/potsdam\/wp-content\/uploads\/sites\/3\/2020\/03\/RK-Potsdam_Logo_Lehnin_Fire.jpg","width":1600,"height":900},{"@type":"BreadcrumbList","@id":"https:\/\/www.reservisten-brandenburg.de\/interner-bereich-mitglieder-der-landesgruppe-brandenburg\/#breadcrumb","itemListElement":[{"@type":"ListItem","position":1,"name":"Startseite","item":"https:\/\/www.reservisten-brandenburg.de\/potsdam\/"},{"@type":"ListItem","position":2,"name":"Interner Bereich"}]},{"@type":"WebSite","@id":"https:\/\/www.reservisten-brandenburg.de\/potsdam\/#website","url":"https:\/\/www.reservisten-brandenburg.de\/potsdam\/","name":"Reservistenkameradschaft Potsdam","description":"Die Reserve in Potsdam","potentialAction":[{"@type":"SearchAction","target":{"@type":"EntryPoint","urlTemplate":"https:\/\/www.reservisten-brandenburg.de\/potsdam\/?s={search_term_string}"},"query-input":{"@type":"PropertyValueSpecification","valueRequired":true,"valueName":"search_term_string"}}],"inLanguage":"de"}]}},"_links":{"self":[{"href":"https:\/\/www.reservisten-brandenburg.de\/potsdam\/wp-json\/wp\/v2\/pages\/7147","targetHints":{"allow":["GET"]}}],"collection":[{"href":"https:\/\/www.reservisten-brandenburg.de\/potsdam\/wp-json\/wp\/v2\/pages"}],"about":[{"href":"https:\/\/www.reservisten-brandenburg.de\/potsdam\/wp-json\/wp\/v2\/types\/page"}],"author":[{"embeddable":true,"href":"https:\/\/www.reservisten-brandenburg.de\/potsdam\/wp-json\/wp\/v2\/users\/12"}],"replies":[{"embeddable":true,"href":"https:\/\/www.reservisten-brandenburg.de\/potsdam\/wp-json\/wp\/v2\/comments?post=7147"}],"version-history":[{"count":0,"href":"https:\/\/www.reservisten-brandenburg.de\/potsdam\/wp-json\/wp\/v2\/pages\/7147\/revisions"}],"wp:featuredmedia":[{"embeddable":true,"href":"https:\/\/www.reservisten-brandenburg.de\/potsdam\/wp-json\/wp\/v2\/media\/55"}],"wp:attachment":[{"href":"https:\/\/www.reservisten-brandenburg.de\/potsdam\/wp-json\/wp\/v2\/media?parent=7147"}],"curies":[{"name":"wp","href":"https:\/\/api.w.org\/{rel}","templated":true}]}}