{"id":16,"date":"2020-03-19T11:44:54","date_gmt":"2020-03-19T10:44:54","guid":{"rendered":"https:\/\/www.reservisten-brandenburg.de\/cyber\/?page_id=16"},"modified":"2023-01-07T11:35:23","modified_gmt":"2023-01-07T10:35:23","slug":"it","status":"publish","type":"page","link":"https:\/\/www.reservisten-brandenburg.de\/cyber\/","title":{"rendered":"IT und Digitalisierung"},"content":{"rendered":"\n<p>Das Arbeitsfeld <a rel=\"noreferrer noopener\" href=\"https:\/\/www.bigdata-insider.de\/was-ist-digitalisierung-a-626489\/\" target=\"_blank\">IT und Digitalisierung<\/a> nimmt eine zunehmend bedeutende Rolle in der Arbeit der Landesgruppe Brandenburg ein. Dies betrifft gleicherma\u00dfen die Arbeit im Vorstand und in der milit\u00e4rischen Ausbildung. Ronald Nitschke nimmt im <a href=\"https:\/\/www.reservisten-brandenburg.de\/die-landesgruppe\/landesvorstand\/\">Landesvorstand<\/a> die Aufgabe des Landesbeauftragten f\u00fcr IT und Digitalisierung wahr.<\/p>\n\n\n\n<p>Eine gezielte Koordinierung der Digitalisierung ist erforderlich, um Synergien innerhalb der Landesgruppe zu nutzen. Dies geschieht, unter anderem durch Abst\u00fctzung auf Ressourcen der <a rel=\"noreferrer noopener\" href=\"https:\/\/www.rk-potsdam.com\" target=\"_blank\">Reservistenkameradschaft Potsdam<\/a>. Die RK stellt u.a. eine f\u00fcr den Unternehmenseinsatz vorgesehen IT-Plattform bereit und erm\u00f6glicht, \u00fcber Vereinbarungen mit Partnern, den kostenlosen oder stark verg\u00fcnstigten Zugriff auf Hard- und Softwareprodukte.<\/p>\n\n\n\n<h2 class=\"wp-block-heading\" id=\"cyber-reserve\">Bundeswehr und Cyber Reserve<\/h2>\n\n\n\n<p>Die Landesgruppe Brandenburg unterst\u00fctzt, in enger Zusammenarbeit mit dem Cyber-Beauftragten des <a rel=\"noreferrer noopener\" href=\"https:\/\/www.reservistenverband.de\/cyber\/\" target=\"_blank\">Reservistenverbandes<\/a>, die Bundeswehr beim Aufbau von eines der vier regionalen Cyber-Experten-Teams. <\/p>\n\n\n\n<p>Au\u00dferdem arbeiten wir mit dem Landeskommando Brandenburg und anderen Truppenteilen der Bundeswehr zusammen. Hierbei geht es insbesondere um die gemeinsame Arbeit im <em>Informationsraum<\/em>. Wir nutzen gemeinsam Plattformen f\u00fcr die Kommunikation mit Reservisten und der \u00d6ffentlichkeit bzw. stellen diese bereit.<\/p>\n\n\n\n<p>Mehr Informationen: <a href=\"http:\/\/www.cyber-ops.de\/cyber-reserve\/\">Bundeswehr und Cyber-Reserve<\/a><\/p>\n\n\n\n<h2 class=\"wp-block-heading\" id=\"landesgruppe\">IT f\u00fcr die Landesgruppe<\/h2>\n\n\n\n<p>Wir stellen der <a rel=\"noreferrer noopener\" href=\"https:\/\/www.reservisten-brandenburg.de\/\" target=\"_blank\">Landesgruppe Brandenburg<\/a> moderen Ressourcen f\u00fcr die IT-gest\u00fctzte Zusammenarbeit und Kommunikation zur Verf\u00fcgung. Dar\u00fcber hinaus werden verschiedene Informations- und Kommunikationsplattformen im Internet betrieben bzw. betreut. Wir nutzen sie f\u00fcr die Informationsarbeit f\u00fcr unsere Mitgliedern und die \u00d6ffentlichkeit. <\/p>\n\n\n\n<p>F\u00fcr die milil\u00e4rische Ausbildung im <a href=\"http:\/\/www.sicherungszug.de\" target=\"_blank\" rel=\"noreferrer noopener\">Sicherungszug<\/a> wird unter anderem die lokale IT und eine Netzanbindung f\u00fcr den Betrieb des Gefechtsstandes bereitgestellt.<\/p>\n\n\n\n<p>Weitere Informationen: <a href=\"http:\/\/www.cyber-ops.de\/landesgruppe\/\">IT f\u00fcr die Landesgruppe<\/a><\/p>\n\n\n\n<h2 class=\"wp-block-heading\" id=\"videokonferenz\">Videokonferenzen und Online-Ausbildungen<\/h2>\n\n\n\n<p>Die <a rel=\"noreferrer noopener\" href=\"https:\/\/www.reservisten-brandenburg.de\/\" target=\"_blank\">Landesgruppe Brandenburg<\/a> f\u00fchrt einen Teil Ihrer Ausbildungen in Form von <a href=\"http:\/\/www.cyber-ops.de\/online-training\/\">Online-Seminar<\/a> durch. Dies hat insbesondere im Zuge des Corona-Lockdowns an Fahrt angenommen. Der Bereich IT und Digitalisierung der Landesgruppe unterst\u00fctzt dies technisch, konzeptionell und organisatorisch.<\/p>\n\n\n\n<p>Weitere Informationen: <a href=\"http:\/\/www.cyber-ops.de\/online-training\/\">Online-Trainings und -Ausbildungen<\/a><\/p>\n\n\n\n<h2 class=\"wp-block-heading\" id=\"informationsraum\">Informationsraum<\/h2>\n\n\n\n<p>Unsere <a href=\"http:\/\/www.Reservistenkameradschaften.de\" target=\"_blank\" rel=\"noreferrer noopener\">Reservistenkameradschaften<\/a> und Reservistenarbeitsgemeinschaften wurden bei Bedarf durch Beratung, Schulung und die Bereitstellung von IT-Services unterst\u00fctzt. So haben grunds\u00e4tzlich alle Gliederungen der Landesgruppe die M\u00f6glichkeit eine eigene Unter-Webseite zu nutzen oder eigene Informationen im Onlineangebot der Landesgruppe zu publizieren.<\/p>\n\n\n\n<p>Unsere Mitglieder und die interessierte \u00d6ffentlichkeit werden \u00fcber die <a rel=\"noreferrer noopener\" href=\"https:\/\/www.reservisten-brandenburg.de\/presse\/online\/\" target=\"_blank\">verschiedenen Online-Kan\u00e4le der Landesgruppe<\/a> mit aktuellen Informationen zur Reserve in Brandenburg versorgt. Unsere Mitglieder erhalten exklusiven Zugang auf bestimmte Bereiche unseres Onlineangebots und damit Zugriff auf n\u00fctzliche Informations- und Kommunikationsm\u00f6glichkeiten.<\/p>\n\n\n\n<hr class=\"wp-block-separator has-css-opacity\"\/>\n\n\n\n<div class=\"wp-block-group alignwide\"><div class=\"wp-block-group__inner-container is-layout-flow wp-block-group-is-layout-flow\">\n<div class=\"wp-block-media-text alignwide is-stacked-on-mobile\" style=\"grid-template-columns:32% auto\"><figure class=\"wp-block-media-text__media\"><img decoding=\"async\" src=\"https:\/\/www.reservisten-brandenburg.de\/wp-content\/uploads\/2019\/03\/Ronald_Nitschke.jpg\" alt=\"\" class=\"wp-image-4011 size-full\"\/><\/figure><div class=\"wp-block-media-text__content\">\n<p style=\"font-size:24px; margin-bottom:-5px;\">Erster stellv. Landesvorsitzender<\/p>\n<p style=\"font-size:17px\"><a href=\"https:\/\/www.reservisten-brandenburg.de\/start\/presse\/\">Presse und Kommunikation<\/a> \/\/ <a href=\"http:\/\/www.cyber-ops.de\" target=\"_blank\" rel=\"noopener noreferrer\">IT und Digitalisierung<\/a><\/p>\n\n\n\n<p><strong>Ronald Nitschke<\/strong><br>Oberstabsgefreiter d.R.<br>E-Mail: <a href=\"&#x6d;&#x61;&#105;&#108;t&#x6f;&#x3a;&#x69;&#116;&#64;r&#x65;&#x73;&#x65;&#114;&#118;i&#x73;&#x74;&#x65;&#110;&#45;b&#x72;&#x61;&#x6e;&#100;en&#x62;&#x75;&#x72;&#103;&#46;d&#x65;\" target=\"_blank\" rel=\"noreferrer noopener\">&#105;&#x74;&#64;&#x72;&#101;&#x73;&#101;&#x72;&#118;&#x69;&#115;&#x74;e&#x6e;-&#x62;r&#x61;n&#x64;e&#x6e;b&#117;&#x72;&#103;&#x2e;&#100;&#x65;<\/a><\/p>\n<\/div><\/div>\n<\/div><\/div>\n","protected":false},"excerpt":{"rendered":"<p>Das Arbeitsfeld IT und Digitalisierung nimmt eine zunehmend bedeutende Rolle in der Arbeit der Landesgruppe Brandenburg ein. Dies betrifft gleicherma\u00dfen die Arbeit im Vorstand und in der milit\u00e4rischen Ausbildung. Ronald [&hellip;]<\/p>\n","protected":false},"author":12,"featured_media":30,"parent":0,"menu_order":0,"comment_status":"closed","ping_status":"closed","template":"","meta":{"footnotes":""},"class_list":["post-16","page","type-page","status-publish","has-post-thumbnail","hentry"],"yoast_head":"<!-- This site is optimized with the Yoast SEO plugin v27.4 - https:\/\/yoast.com\/product\/yoast-seo-wordpress\/ -->\n<title>IT und Digitalisierung - IT und Digitalisierung<\/title>\n<meta name=\"robots\" content=\"index, follow, max-snippet:-1, max-image-preview:large, max-video-preview:-1\" \/>\n<link rel=\"canonical\" href=\"https:\/\/www.reservisten-brandenburg.de\/cyber\/\" \/>\n<meta property=\"og:locale\" content=\"de_DE\" \/>\n<meta property=\"og:type\" content=\"article\" \/>\n<meta property=\"og:title\" content=\"IT und Digitalisierung - IT und Digitalisierung\" \/>\n<meta property=\"og:description\" content=\"Das Arbeitsfeld IT und Digitalisierung nimmt eine zunehmend bedeutende Rolle in der Arbeit der Landesgruppe Brandenburg ein. Dies betrifft gleicherma\u00dfen die Arbeit im Vorstand und in der milit\u00e4rischen Ausbildung. Ronald [&hellip;]\" \/>\n<meta property=\"og:url\" content=\"https:\/\/www.reservisten-brandenburg.de\/cyber\/\" \/>\n<meta property=\"og:site_name\" content=\"IT und Digitalisierung\" \/>\n<meta property=\"article:publisher\" content=\"https:\/\/www.facebook.com\/reservisten.brandenburg\/\" \/>\n<meta property=\"article:modified_time\" content=\"2023-01-07T10:35:23+00:00\" \/>\n<meta property=\"og:image\" content=\"https:\/\/www.reservisten-brandenburg.de\/cyber\/wp-content\/uploads\/sites\/12\/2020\/03\/Digitalisierung.jpg\" \/>\n\t<meta property=\"og:image:width\" content=\"1600\" \/>\n\t<meta property=\"og:image:height\" content=\"900\" \/>\n\t<meta property=\"og:image:type\" content=\"image\/jpeg\" \/>\n<meta name=\"twitter:card\" content=\"summary_large_image\" \/>\n<meta name=\"twitter:site\" content=\"@ResBrandenburg\" \/>\n<meta name=\"twitter:label1\" content=\"Gesch\u00e4tzte Lesezeit\" \/>\n\t<meta name=\"twitter:data1\" content=\"2\u00a0Minuten\" \/>\n<script type=\"application\/ld+json\" class=\"yoast-schema-graph\">{\"@context\":\"https:\\\/\\\/schema.org\",\"@graph\":[{\"@type\":\"WebPage\",\"@id\":\"https:\\\/\\\/www.reservisten-brandenburg.de\\\/cyber\\\/\",\"url\":\"https:\\\/\\\/www.reservisten-brandenburg.de\\\/cyber\\\/\",\"name\":\"IT und Digitalisierung - IT und Digitalisierung\",\"isPartOf\":{\"@id\":\"https:\\\/\\\/www.reservisten-brandenburg.de\\\/cyber\\\/#website\"},\"primaryImageOfPage\":{\"@id\":\"https:\\\/\\\/www.reservisten-brandenburg.de\\\/cyber\\\/#primaryimage\"},\"image\":{\"@id\":\"https:\\\/\\\/www.reservisten-brandenburg.de\\\/cyber\\\/#primaryimage\"},\"thumbnailUrl\":\"https:\\\/\\\/www.reservisten-brandenburg.de\\\/cyber\\\/wp-content\\\/uploads\\\/sites\\\/12\\\/2020\\\/03\\\/Digitalisierung.jpg\",\"datePublished\":\"2020-03-19T10:44:54+00:00\",\"dateModified\":\"2023-01-07T10:35:23+00:00\",\"breadcrumb\":{\"@id\":\"https:\\\/\\\/www.reservisten-brandenburg.de\\\/cyber\\\/#breadcrumb\"},\"inLanguage\":\"de\",\"potentialAction\":[{\"@type\":\"ReadAction\",\"target\":[\"https:\\\/\\\/www.reservisten-brandenburg.de\\\/cyber\\\/\"]}]},{\"@type\":\"ImageObject\",\"inLanguage\":\"de\",\"@id\":\"https:\\\/\\\/www.reservisten-brandenburg.de\\\/cyber\\\/#primaryimage\",\"url\":\"https:\\\/\\\/www.reservisten-brandenburg.de\\\/cyber\\\/wp-content\\\/uploads\\\/sites\\\/12\\\/2020\\\/03\\\/Digitalisierung.jpg\",\"contentUrl\":\"https:\\\/\\\/www.reservisten-brandenburg.de\\\/cyber\\\/wp-content\\\/uploads\\\/sites\\\/12\\\/2020\\\/03\\\/Digitalisierung.jpg\",\"width\":1600,\"height\":900},{\"@type\":\"BreadcrumbList\",\"@id\":\"https:\\\/\\\/www.reservisten-brandenburg.de\\\/cyber\\\/#breadcrumb\",\"itemListElement\":[{\"@type\":\"ListItem\",\"position\":1,\"name\":\"Startseite\",\"item\":\"https:\\\/\\\/www.reservisten-brandenburg.de\\\/cyber\\\/\"},{\"@type\":\"ListItem\",\"position\":2,\"name\":\"IT und Digitalisierung\"}]},{\"@type\":\"WebSite\",\"@id\":\"https:\\\/\\\/www.reservisten-brandenburg.de\\\/cyber\\\/#website\",\"url\":\"https:\\\/\\\/www.reservisten-brandenburg.de\\\/cyber\\\/\",\"name\":\"IT und Digitalisierung\",\"description\":\"Reservistenverband Brandenburg - IT und Digitalisierung\",\"publisher\":{\"@id\":\"https:\\\/\\\/www.reservisten-brandenburg.de\\\/cyber\\\/#organization\"},\"potentialAction\":[{\"@type\":\"SearchAction\",\"target\":{\"@type\":\"EntryPoint\",\"urlTemplate\":\"https:\\\/\\\/www.reservisten-brandenburg.de\\\/cyber\\\/?s={search_term_string}\"},\"query-input\":{\"@type\":\"PropertyValueSpecification\",\"valueRequired\":true,\"valueName\":\"search_term_string\"}}],\"inLanguage\":\"de\"},{\"@type\":\"Organization\",\"@id\":\"https:\\\/\\\/www.reservisten-brandenburg.de\\\/cyber\\\/#organization\",\"name\":\"Reservistenverband Brandenburg\",\"url\":\"https:\\\/\\\/www.reservisten-brandenburg.de\\\/cyber\\\/\",\"logo\":{\"@type\":\"ImageObject\",\"inLanguage\":\"de\",\"@id\":\"https:\\\/\\\/www.reservisten-brandenburg.de\\\/cyber\\\/#\\\/schema\\\/logo\\\/image\\\/\",\"url\":\"\",\"contentUrl\":\"\",\"caption\":\"Reservistenverband Brandenburg\"},\"image\":{\"@id\":\"https:\\\/\\\/www.reservisten-brandenburg.de\\\/cyber\\\/#\\\/schema\\\/logo\\\/image\\\/\"},\"sameAs\":[\"https:\\\/\\\/www.facebook.com\\\/reservisten.brandenburg\\\/\",\"https:\\\/\\\/x.com\\\/ResBrandenburg\",\"https:\\\/\\\/www.youtube.com\\\/channel\\\/UC30IySNYu79rnI6_89Sdf_A\",\"https:\\\/\\\/de.wikipedia.org\\\/wiki\\\/Verband_der_Reservisten_der_Deutschen_Bundeswehr\"]}]}<\/script>\n<!-- \/ Yoast SEO plugin. -->","yoast_head_json":{"title":"IT und Digitalisierung - IT und Digitalisierung","robots":{"index":"index","follow":"follow","max-snippet":"max-snippet:-1","max-image-preview":"max-image-preview:large","max-video-preview":"max-video-preview:-1"},"canonical":"https:\/\/www.reservisten-brandenburg.de\/cyber\/","og_locale":"de_DE","og_type":"article","og_title":"IT und Digitalisierung - IT und Digitalisierung","og_description":"Das Arbeitsfeld IT und Digitalisierung nimmt eine zunehmend bedeutende Rolle in der Arbeit der Landesgruppe Brandenburg ein. Dies betrifft gleicherma\u00dfen die Arbeit im Vorstand und in der milit\u00e4rischen Ausbildung. Ronald [&hellip;]","og_url":"https:\/\/www.reservisten-brandenburg.de\/cyber\/","og_site_name":"IT und Digitalisierung","article_publisher":"https:\/\/www.facebook.com\/reservisten.brandenburg\/","article_modified_time":"2023-01-07T10:35:23+00:00","og_image":[{"width":1600,"height":900,"url":"https:\/\/www.reservisten-brandenburg.de\/cyber\/wp-content\/uploads\/sites\/12\/2020\/03\/Digitalisierung.jpg","type":"image\/jpeg"}],"twitter_card":"summary_large_image","twitter_site":"@ResBrandenburg","twitter_misc":{"Gesch\u00e4tzte Lesezeit":"2\u00a0Minuten"},"schema":{"@context":"https:\/\/schema.org","@graph":[{"@type":"WebPage","@id":"https:\/\/www.reservisten-brandenburg.de\/cyber\/","url":"https:\/\/www.reservisten-brandenburg.de\/cyber\/","name":"IT und Digitalisierung - IT und Digitalisierung","isPartOf":{"@id":"https:\/\/www.reservisten-brandenburg.de\/cyber\/#website"},"primaryImageOfPage":{"@id":"https:\/\/www.reservisten-brandenburg.de\/cyber\/#primaryimage"},"image":{"@id":"https:\/\/www.reservisten-brandenburg.de\/cyber\/#primaryimage"},"thumbnailUrl":"https:\/\/www.reservisten-brandenburg.de\/cyber\/wp-content\/uploads\/sites\/12\/2020\/03\/Digitalisierung.jpg","datePublished":"2020-03-19T10:44:54+00:00","dateModified":"2023-01-07T10:35:23+00:00","breadcrumb":{"@id":"https:\/\/www.reservisten-brandenburg.de\/cyber\/#breadcrumb"},"inLanguage":"de","potentialAction":[{"@type":"ReadAction","target":["https:\/\/www.reservisten-brandenburg.de\/cyber\/"]}]},{"@type":"ImageObject","inLanguage":"de","@id":"https:\/\/www.reservisten-brandenburg.de\/cyber\/#primaryimage","url":"https:\/\/www.reservisten-brandenburg.de\/cyber\/wp-content\/uploads\/sites\/12\/2020\/03\/Digitalisierung.jpg","contentUrl":"https:\/\/www.reservisten-brandenburg.de\/cyber\/wp-content\/uploads\/sites\/12\/2020\/03\/Digitalisierung.jpg","width":1600,"height":900},{"@type":"BreadcrumbList","@id":"https:\/\/www.reservisten-brandenburg.de\/cyber\/#breadcrumb","itemListElement":[{"@type":"ListItem","position":1,"name":"Startseite","item":"https:\/\/www.reservisten-brandenburg.de\/cyber\/"},{"@type":"ListItem","position":2,"name":"IT und Digitalisierung"}]},{"@type":"WebSite","@id":"https:\/\/www.reservisten-brandenburg.de\/cyber\/#website","url":"https:\/\/www.reservisten-brandenburg.de\/cyber\/","name":"IT und Digitalisierung","description":"Reservistenverband Brandenburg - IT und Digitalisierung","publisher":{"@id":"https:\/\/www.reservisten-brandenburg.de\/cyber\/#organization"},"potentialAction":[{"@type":"SearchAction","target":{"@type":"EntryPoint","urlTemplate":"https:\/\/www.reservisten-brandenburg.de\/cyber\/?s={search_term_string}"},"query-input":{"@type":"PropertyValueSpecification","valueRequired":true,"valueName":"search_term_string"}}],"inLanguage":"de"},{"@type":"Organization","@id":"https:\/\/www.reservisten-brandenburg.de\/cyber\/#organization","name":"Reservistenverband Brandenburg","url":"https:\/\/www.reservisten-brandenburg.de\/cyber\/","logo":{"@type":"ImageObject","inLanguage":"de","@id":"https:\/\/www.reservisten-brandenburg.de\/cyber\/#\/schema\/logo\/image\/","url":"","contentUrl":"","caption":"Reservistenverband Brandenburg"},"image":{"@id":"https:\/\/www.reservisten-brandenburg.de\/cyber\/#\/schema\/logo\/image\/"},"sameAs":["https:\/\/www.facebook.com\/reservisten.brandenburg\/","https:\/\/x.com\/ResBrandenburg","https:\/\/www.youtube.com\/channel\/UC30IySNYu79rnI6_89Sdf_A","https:\/\/de.wikipedia.org\/wiki\/Verband_der_Reservisten_der_Deutschen_Bundeswehr"]}]}},"_links":{"self":[{"href":"https:\/\/www.reservisten-brandenburg.de\/cyber\/wp-json\/wp\/v2\/pages\/16","targetHints":{"allow":["GET"]}}],"collection":[{"href":"https:\/\/www.reservisten-brandenburg.de\/cyber\/wp-json\/wp\/v2\/pages"}],"about":[{"href":"https:\/\/www.reservisten-brandenburg.de\/cyber\/wp-json\/wp\/v2\/types\/page"}],"author":[{"embeddable":true,"href":"https:\/\/www.reservisten-brandenburg.de\/cyber\/wp-json\/wp\/v2\/users\/12"}],"replies":[{"embeddable":true,"href":"https:\/\/www.reservisten-brandenburg.de\/cyber\/wp-json\/wp\/v2\/comments?post=16"}],"version-history":[{"count":0,"href":"https:\/\/www.reservisten-brandenburg.de\/cyber\/wp-json\/wp\/v2\/pages\/16\/revisions"}],"wp:featuredmedia":[{"embeddable":true,"href":"https:\/\/www.reservisten-brandenburg.de\/cyber\/wp-json\/wp\/v2\/media\/30"}],"wp:attachment":[{"href":"https:\/\/www.reservisten-brandenburg.de\/cyber\/wp-json\/wp\/v2\/media?parent=16"}],"curies":[{"name":"wp","href":"https:\/\/api.w.org\/{rel}","templated":true}]}}